{"id":1018,"date":"2016-11-10T11:05:32","date_gmt":"2016-11-10T17:05:32","guid":{"rendered":"https:\/\/www.citizensutilityboard.org\/?page_id=1018"},"modified":"2025-12-18T10:58:49","modified_gmt":"2025-12-18T16:58:49","slug":"cub-in-the-news","status":"publish","type":"page","link":"https:\/\/www.citizensutilityboard.org\/cub-in-the-news\/","title":{"rendered":"CUB in the News"},"content":{"rendered":"<div class=\"wpb-content-wrapper\"><p>[vc_row][vc_column][vc_custom_heading text=&#8221;CUB in the News&#8221; font_container=&#8221;tag:h2|font_size:24|text_align:left&#8221; use_theme_fonts=&#8221;yes&#8221;][\/vc_column][\/vc_row][vc_row][vc_column width=&#8221;5\/6&#8243;][vc_column_text]<ul class=\"icon \"><li><i class=\"fa fa-caret-right\"><\/i>  12\/18\/25 &#8211; <a href=\"https:\/\/www.citizensutilityboard.org\/wp-content\/uploads\/2025\/11\/20251217_CapacityAuctionResults_Final.pdf\" target=\"_blank\" rel=\"noopener\"><strong>CUB Statement: Capacity Market Prices Reflect Need for Data Center Reform<\/strong><\/a> <\/li><ul class=\"icon \"><\/ul><li><i class=\"fa fa-caret-right\"><\/i>  12\/1\/25 &#8211; <a href=\"https:\/\/www.citizensutilityboard.org\/wp-content\/uploads\/2025\/10\/20251201-Ameren-Reconciliation-Case-News-Release-Final.pdf\" target=\"_blank\" rel=\"noopener\"><strong>CUB Challenges Ameren\u2019s $59.6 Million Electric Rate-Hike Request<\/strong><\/a>\u00a0<\/li><ul class=\"icon \"><\/ul><li><i class=\"fa fa-caret-right\"><\/i>  11\/19\/25 &#8211; <a href=\"https:\/\/www.citizensutilityboard.org\/wp-content\/uploads\/2025\/10\/20251119_AmerenGasRateHikeFinalOrder.pdf\" target=\"_blank\" rel=\"noopener\"><strong>CUB Reacts To ICC Making Significant Cut To Ameren Gas Rate Hike<\/strong><\/a>\u00a0<\/li><ul class=\"icon \"><\/ul><li><i class=\"fa fa-caret-right\"><\/i>  11\/19\/25 &#8211; <a href=\"https:\/\/www.citizensutilityboard.org\/wp-content\/uploads\/2025\/10\/20251118_NicorRateHikeFinalOrder.pdf\" target=\"_blank\" rel=\"noopener\"><strong>CUB Reacts To ICC Making Significant Cut To Nicor Gas Rate Hike<\/strong><\/a> <\/li><ul class=\"icon \"><\/ul><li><i class=\"fa fa-caret-right\"><\/i>  11\/5\/25 &#8211; <a href=\"https:\/\/www.citizensutilityboard.org\/wp-content\/uploads\/2025\/09\/20251105-Ameren-Fall-Price-News-ReleaseFinal.pdf\" target=\"_blank\" rel=\"noopener\"><strong>CUB Issues Alert Against Bad Alternative Supplier Deals<\/strong><\/a> <\/li><ul class=\"icon \"><\/ul><li><i class=\"fa fa-caret-right\"><\/i>  10\/30\/25 &#8211; <a href=\"https:\/\/www.citizensutilityboard.org\/wp-content\/uploads\/2025\/09\/20251030_CRGAActPassage.pdf\" target=\"_blank\" rel=\"noopener\"><strong>CUB Applauds Passage Of The Clean And Reliable Grid Affordability (CRGA) Act<\/strong><\/a><\/li><li><i class=\"fa fa-caret-right\"><\/i>  10\/22\/25 &#8211; <a href=\"https:\/\/www.citizensutilityboard.org\/wp-content\/uploads\/2025\/09\/20251022_DataCenterCrisisInPJM.pdf\" target=\"_blank\" rel=\"noopener\"><strong>Rising Demand from Data Centers Driving Reliability, Cost Concerns<\/strong><\/a><\/li><li><i class=\"fa fa-caret-right\"><\/i>  10\/16\/25 &#8211; <a href=\"https:\/\/www.citizensutilityboard.org\/wp-content\/uploads\/2025\/09\/Ameren-Gas-Rate-Hike-2025_News-Release-On-Proposed-Order_October-2025.pdf\" target=\"_blank\" rel=\"noopener\"><strong>Regulatory Opinion Favors Cutting Ameren Gas Rate Hike by $44 Million, Half the Reduction Consumers are Due, Watchdogs Say<\/strong><\/a> <\/li><ul class=\"icon \"><\/ul><li><i class=\"fa fa-caret-right\"><\/i>  10\/8\/25 &#8211; <a href=\"https:\/\/www.citizensutilityboard.org\/wp-content\/uploads\/2025\/09\/Nicor-Rate-Hike_News-Release-Reacting-to-ALJ-Proposed-Order_October-2025.pdf\" target=\"_blank\" rel=\"noopener\"><strong>Regulatory Judges Recommend Reducing Nicor Rate Hike by $100 Million, Consumer Advocates Urge Regulators to Cut Further<\/strong><\/a> <\/li><ul class=\"icon \"><\/ul><li><i class=\"fa fa-caret-right\"><\/i>  10\/1\/25 &#8211; <a href=\"https:\/\/www.citizensutilityboard.org\/wp-content\/uploads\/2025\/09\/20251001-ComEd-Fall-Price-News-Release-Final.pdf\" target=\"_blank\" rel=\"noopener\"><strong>New ComEd Electricity Price Still Elevated, But CUB Warns Consumers to Beware of Bad Alternative Supplier Deals<\/strong><\/a><\/li><ul class=\"icon \"><\/ul><li><i class=\"fa fa-caret-right\"><\/i>  10\/1\/25 &#8211; <a href=\"https:\/\/www.citizensutilityboard.org\/wp-content\/uploads\/2025\/09\/20251001-Ameren-Price-News-Release-Final.pdf\" target=\"_blank\" rel=\"noopener\"><strong>CUB Alerts Ameren Illinois Customers: Utility\u2019s Price for Electricity has Dropped 31 Percent as of October 1st<\/strong><\/a><\/li><ul class=\"icon \"><\/ul><li><i class=\"fa fa-caret-right\"><\/i>  8\/27\/25 &#8211; <a href=\"https:\/\/www.citizensutilityboard.org\/wp-content\/uploads\/2025\/08\/20250827-Ameren-Springfield-Forum-News-Release.pdf\" target=\"_blank\" rel=\"noopener\"><strong>ICC Forum in Springfield Gives Ameren Illinois Customers Chance to Protest Utility\u2019s Push for Fourth Gas Rate Hike in Just Seven Years<\/strong><\/a> <\/li><ul class=\"icon \"><\/ul><li><i class=\"fa fa-caret-right\"><\/i>  8\/26\/25 &#8211; <a href=\"https:\/\/www.citizensutilityboard.org\/wp-content\/uploads\/2025\/08\/20250825_AmerenForumsAdvisory.pdf\" target=\"_blank\" rel=\"noopener\"><strong>This Week: CUB Urges Ameren Customers to Attend ICC Forums in Springfield, East St. Louis to Protest Utility\u2019s Push for 4th Gas Rate Hike in Recent Years<\/strong><\/a> <\/li><ul class=\"icon \"><\/ul><li><i class=\"fa fa-caret-right\"><\/i>  8\/21\/25 &#8211; <a href=\"https:\/\/www.citizensutilityboard.org\/wp-content\/uploads\/2025\/08\/20250821-Statewide-Electric-Supplier-Stats-Release.pdf\" target=\"_blank\" rel=\"noopener\"><strong>CUB Review of State Data Finds ComEd, Ameren Residential Customers Have Lost +$2 Billion to Alternative Power Suppliers Over the Last Decade<\/strong><\/a>\u00a0<\/li><ul class=\"icon \"><\/ul><li><i class=\"fa fa-caret-right\"><\/i>  7\/25\/25 &#8211; <a href=\"https:\/\/www.citizensutilityboard.org\/wp-content\/uploads\/2025\/06\/20250725_StatementFERCRuling.pdf\" target=\"_blank\" rel=\"noopener\"><strong>CUB statement on\u00a0<span class=\"il\">FERC<\/span>\u00a0ordering PJM to make interconnection improvements<\/strong><\/a>\u00a0<\/li><li><i class=\"fa fa-caret-right\"><\/i>  7\/22\/25 &#8211; <a href=\"https:\/\/www.citizensutilityboard.org\/wp-content\/uploads\/2025\/06\/20250722_CapacityMarketResults.pdf\" target=\"_blank\" rel=\"noopener\"><strong>PJM Capacity Auction Leads to Record Price Spike for Second Straight Year, Threatens Even Higher Com Ed Bills in 2026-27<\/strong><\/a> <\/li><li><i class=\"fa fa-caret-right\"><\/i>  7\/03\/25 &#8211; <a href=\"https:\/\/www.citizensutilityboard.org\/wp-content\/uploads\/2025\/06\/20250703-CUB-Statement-on-Passage-of-Budget-Bill.pdf\" target=\"_blank\" rel=\"noopener\"><strong>CUB Statement on Passage of Budget Bill<\/strong><\/a><\/li><li><i class=\"fa fa-caret-right\"><\/i>  7\/02\/25 &#8211; <a href=\"https:\/\/cleangridalliance.org\/press\/116\/approval-of-long-range-transmission-projects-in-illinois-will-deliver-reliable-resilient-energy-future\" target=\"_blank\" rel=\"noopener\"><strong>Joint News Release with Clean Grid Alliance and Environmental Defense Fund: Approval of Long-Range Transmission Projects in Illinois Will Deliver Reliable, Resilient Energy Future<\/strong><\/a><\/li><li><i class=\"fa fa-caret-right\"><\/i>  7\/01\/25 &#8211; <a href=\"https:\/\/www.citizensutilityboard.org\/wp-content\/uploads\/2025\/06\/20250701-CUB-Statement-on-Passage-of-Budget-Bill.pdf\" target=\"_blank\" rel=\"noopener\"><strong>CUB Statement on Passage of Budget Bill<\/strong><\/a>\u00a0<\/li><li><i class=\"fa fa-caret-right\"><\/i>  6\/30\/25 &#8211; <a href=\"https:\/\/www.citizensutilityboard.org\/wp-content\/uploads\/2025\/06\/20250630_EddystoneChallenge_Final-CES.pdf\" target=\"_blank\" rel=\"noopener\"><strong>CUB Joins Other Consumer Advocates in Challenging Federally Mandated Rate Hike to Keep \u2018Zombie Power Plant\u2019 Open<\/strong><\/a> <\/li><li><i class=\"fa fa-caret-right\"><\/i>  6\/9\/25 &#8211; <a href=\"https:\/\/www.citizensutilityboard.org\/wp-content\/uploads\/2025\/04\/20250609_NicorForumReleaseFinal.pdf\" target=\"_blank\" rel=\"noopener\"><strong>Public Forum to Allow Frustrated Nicor Gas Customers, Consumer Advocates to Protest Utility\u2019s Attempt to Impose Record Rate Hike<\/strong><\/a> <\/li><li><i class=\"fa fa-caret-right\"><\/i>  6\/4\/25 &#8211; <a href=\"https:\/\/www.citizensutilityboard.org\/wp-content\/uploads\/2025\/04\/20250604-ComEd-Price-Spike-News-Release.pdf\" target=\"_blank\" rel=\"noopener\"><strong>Amid 45% Increase in ComEd\u2019s Power Price, CUB Calls on Utility to Work With Customers to Keep Them Safe, Cool, Connected This Summer<\/strong><\/a> <\/li><li><i class=\"fa fa-caret-right\"><\/i>  6\/4\/25 &#8211; <a href=\"https:\/\/www.citizensutilityboard.org\/wp-content\/uploads\/2025\/04\/20250604-Ameren-Price-Spike-News-Release-Final.pdf\" target=\"_blank\" rel=\"noopener\"><strong>Amid 50% Increase in Ameren\u2019s Power Price, CUB Calls on Utility to Work With Customers to Keep Them Safe, Cool, Connected This Summer<\/strong><\/a> <\/li><li><i class=\"fa fa-caret-right\"><\/i>  5\/22\/25 &#8211; <a href=\"https:\/\/www.citizensutilityboard.org\/wp-content\/uploads\/2025\/04\/20250522-Ameren-Price-Spike-News-Release-Final.pdf\" target=\"_blank\" rel=\"noopener\"><strong>CUB Warns Ameren Customers of June 1 Electricity Price Spike<\/strong><\/a>\u00a0<\/li><li><i class=\"fa fa-caret-right\"><\/i>  5\/19\/25 &#8211; <a href=\"https:\/\/www.citizensutilityboard.org\/wp-content\/uploads\/2025\/04\/20250519-ComEd-Price-Spike-News-Release_Final.pdf\" target=\"_blank\" rel=\"noopener\"><strong>CUB Warns of June 1 Price Spike on ComEd Bills<\/strong><\/a> <\/li><li><i class=\"fa fa-caret-right\"><\/i>  5\/14\/25 &#8211; <a href=\"https:\/\/www.citizensutilityboard.org\/wp-content\/uploads\/2025\/04\/20250514-Ameren-Testimony-News-Release_Final.pdf\" target=\"_blank\" rel=\"noopener\"><strong>As Ameren Rolls in Profits and Pushes for Higher Rates, Consumer Groups Call for Cutting Ameren&#8217;s Gas Rate-Hike Request by Two-thirds<\/strong><\/a>\u00a0<\/li><li><i class=\"fa fa-caret-right\"><\/i>  5\/7\/25 &#8211; <a href=\"https:\/\/www.citizensutilityboard.org\/wp-content\/uploads\/2025\/03\/Nicor-Rate-Hike-Testimony-Final_20250507.pdf\" target=\"_blank\" rel=\"noopener\"><strong>Consumer Advocates Urge Regulators To Cut Nicor\u2019s Record Rate Hike By More Than Half; Decry Excessive Profits, Wasteful Executive Bonuses<\/strong><\/a>\u00a0<\/li><li><i class=\"fa fa-caret-right\"><\/i>  4\/3\/25 &#8211; <a href=\"https:\/\/www.citizensutilityboard.org\/wp-content\/uploads\/2025\/01\/20250403_PGPriceSpike.pdf\" target=\"_blank\" rel=\"noopener\"><strong>CUB: 104% increase in Peoples Gas price in April exposes how utility misled customers on record rate hike<\/strong><\/a> <\/li><li><i class=\"fa fa-caret-right\"><\/i>  2\/20\/25 &#8211; <a href=\"https:\/\/www.citizensutilityboard.org\/wp-content\/uploads\/2024\/12\/20250220-ICC-Peoples-Gas-SMP-Ruling.pdf\" target=\"_blank\" rel=\"noopener\"><strong>CUB applauds ICC for pumping brakes on controversial Peoples Gas Pipe-Replacement Program<\/strong><\/a> <\/li><li><i class=\"fa fa-caret-right\"><\/i>  2\/12\/25 &#8211; <a href=\"https:\/\/www.citizensutilityboard.org\/wp-content\/uploads\/2024\/12\/20250212_ComEdScandal.pdf\" target=\"_blank\" rel=\"noopener\"><strong>CUB Statement on ComEd Related Corruption Trial<\/strong><\/a>\u00a0<\/li><li><i class=\"fa fa-caret-right\"><\/i>  1\/28\/25 &#8211; <a href=\"https:\/\/www.citizensutilityboard.org\/wp-content\/uploads\/2024\/10\/20250128_AmerenGasRateHike.pdf\" target=\"_blank\" rel=\"noopener\"><strong>CUB Statement on Ameren&#8217;s Proposed $134 Million Gas Rate Hike<\/strong><\/a>\u00a0<\/li><li><i class=\"fa fa-caret-right\"><\/i>  1\/22\/25 &#8211; <a href=\"https:\/\/www.citizensutilityboard.org\/wp-content\/uploads\/2024\/10\/PGL-Accountability_News-Release_Ad-Campaign-Launch_January-2025_FINAL.pdf\" target=\"_blank\" rel=\"noopener\"><strong>Consumer and Grassroots Groups Launch Major TV Ad Campaign Urging Public to Oppose Record-Breaking Peoples Gas Rate Hikes<\/strong><\/a> <\/li><li><i class=\"fa fa-caret-right\"><\/i>  1\/13\/25 &#8211; <a href=\"https:\/\/www.citizensutilityboard.org\/wp-content\/uploads\/2024\/11\/Public-comment-drop-release-1.13.25.pdf\" target=\"_blank\" rel=\"noopener\"><strong>Groups deliver more than 5,000 public comments calling for reform of Peoples Gas pipe replacement program<\/strong><\/a>\u00a0<\/li><li><i class=\"fa fa-caret-right\"><\/i>  1\/7\/25 &#8211; <a href=\"https:\/\/www.citizensutilityboard.org\/wp-content\/uploads\/2024\/10\/20250107_NicorGasRateHikeFinal.pdf\" target=\"_blank\" rel=\"noopener\"><strong>CUB Statement on Nicor Gas\u2019 Proposed $308+ Million Rate Hike<\/strong><\/a>\u00a0<\/li><li><i class=\"fa fa-caret-right\"><\/i> 12\/19\/24 &#8211; <a href=\"https:\/\/www.citizensutilityboard.org\/wp-content\/uploads\/2024\/10\/20241219_ComEdFinalOrder.pdf\" target=\"_blank\" rel=\"noopener\"><strong>CUB Statement on ComEd&#8217;s Amended Grid Plan, Rate Hike<\/strong><\/a> <\/li><li><i class=\"fa fa-caret-right\"><\/i> 12\/19\/24 &#8211; <a href=\"https:\/\/www.citizensutilityboard.org\/wp-content\/uploads\/2024\/10\/20241219-Ameren-Electric-Final-Order.pdf\" target=\"_blank\" rel=\"noopener\"><strong>CUB Statement on Ameren Illinois&#8217; Amended Grid Plan, Rate Hike<\/strong><\/a>\u00a0<\/li><li><i class=\"fa fa-caret-right\"><\/i> 12\/10\/24 &#8211; <a href=\"https:\/\/www.citizensutilityboard.org\/wp-content\/uploads\/2024\/09\/20241210_FERCRejectionofCTOA.pdf\" target=\"_blank\" rel=\"noopener\"><strong>CUB Statement on Consumer Victory: FERC Rejects PJM&#8217;s Anti-Consumer Transmission Proposal<\/strong><\/a>\u00a0<\/li><li><i class=\"fa fa-caret-right\"><\/i> 12\/05\/24 &#8211; <strong><a href=\"https:\/\/www.citizensutilityboard.org\/wp-content\/uploads\/2024\/09\/20241205_ILAmericanFinalOrder.pdf\" target=\"_blank\" rel=\"noopener\">Statement from CUB, AARP Illinois: Illinois Commerce Commission OKs $110 Million Illinois American Water Rate Hike<\/a><\/strong>\u00a0<\/li><li><i class=\"fa fa-caret-right\"><\/i> 11\/27\/24 &#8211; <strong><a href=\"https:\/\/www.citizensutilityboard.org\/wp-content\/uploads\/2024\/09\/20241127_PeoplesGasSMPPO.pdf\" target=\"_blank\" rel=\"noopener\">Regulatory judges\u2019 proposed order would give Peoples Gas &#8216;license to inflict staggering rate hikes\u2019<\/a><\/strong>\u00a0<\/li><li><i class=\"fa fa-caret-right\"><\/i> 11\/21\/24 &#8211; <strong><a href=\"https:\/\/www.citizensutilityboard.org\/wp-content\/uploads\/2024\/09\/20241121_AquaFinalOrder.pdf\" target=\"_blank\" rel=\"noopener\">ICC Grants Aqua Illinois $11.6 Million Rate-Hike<\/a><\/strong> <\/li><li><i class=\"fa fa-caret-right\"><\/i> 11\/19\/24 &#8211; <a href=\"https:\/\/www.citizensutilityboard.org\/wp-content\/uploads\/2024\/09\/20241119_ComEdRateCaseUpdate.pdf\" target=\"_blank\" rel=\"noopener\"><strong>CUB urges ICC to cut ComEd rate hike<\/strong><\/a><\/li><li><i class=\"fa fa-caret-right\"><\/i> 11\/6\/24 &#8211;<strong><a href=\"https:\/\/www.citizensutilityboard.org\/wp-content\/uploads\/2024\/09\/20241106_ILAmericanProposedOrder.pdf\" target=\"_blank\" rel=\"noopener\">State regulatory judge recommends IL American Water receive $109.8 million rate hike, CUB urges ICC to cut it further<\/a><\/strong><\/li><li><i class=\"fa fa-caret-right\"><\/i> 10\/29\/24 &#8211; <a href=\"https:\/\/www.citizensutilityboard.org\/wp-content\/uploads\/2024\/09\/20241029_PeoplesGasReport.pdf\" target=\"_blank\" rel=\"noopener\"><strong>Peoples Gas Customers Face Onslaught of Record-Breaking Rate Hikes Under Disputed Pipe-Replacement Program, Report Finds<\/strong><\/a> (Read the <strong><a href=\"https:\/\/www.citizensutilityboard.org\/wp-content\/uploads\/2024\/09\/PeoplesGasReport_Fall2024.pdf\" target=\"_blank\" rel=\"noopener\">report<\/a><\/strong>)<\/li><li><i class=\"fa fa-caret-right\"><\/i> 10\/22\/24 &#8211; <a href=\"https:\/\/www.citizensutilityboard.org\/wp-content\/uploads\/2024\/09\/20241022-Ameren-Electric-Proposed-Order.pdf\" target=\"_blank\" rel=\"noopener\"><strong>CUB Urges ICC to Cut Ameren Rate-Hike Request<\/strong><\/a><b>\u00a0<\/b><\/li><li><i class=\"fa fa-caret-right\"><\/i> 10\/9\/24 &#8211; <a href=\"https:\/\/www.citizensutilityboard.org\/wp-content\/uploads\/2024\/09\/20241009_AquaProposedOrder.pdf\" target=\"_blank\" rel=\"noopener\"><strong>ICC Judges Recommend 43% Cut to Aqua IL\u2019s Proposed Rate Hike, CUB Says Aqua Increase Would Still Be Too High<\/strong><\/a> <\/li><li><i class=\"fa fa-caret-right\"><\/i> 8\/27\/24 &#8211; <a href=\"https:\/\/www.citizensutilityboard.org\/wp-content\/uploads\/2024\/08\/20240827-Statewide-Electric-Supplier-Stats-Release.pdf\" target=\"_blank\" rel=\"noopener\"><strong>CUB: ComEd, Ameren Customers Have Lost Total of $1.8B to Alternative Power Suppliers Since 2015, According to Review of State Reports on Electric Market<\/strong><\/a>\u00a0<\/li><li><i class=\"fa fa-caret-right\"><\/i> 7\/31\/24 &#8211; <a href=\"https:\/\/www.citizensutilityboard.org\/wp-content\/uploads\/2024\/07\/20240731-Capacity-Market-Statement.pdf\" target=\"_blank\" rel=\"noopener\"><strong>Statement on Capacity Market Price Spike That Will Impact June 2025 ComEd Bills<\/strong><\/a> <\/li><li><i class=\"fa fa-caret-right\"><\/i>  7\/29\/24 &#8211; <a href=\"https:\/\/www.citizensutilityboard.org\/wp-content\/uploads\/2024\/07\/20240729_AquaPublicForums.pdf\" target=\"_blank\" rel=\"noopener\"><strong>Unjust, Unreasonable: AARP Illinois, CUB Join Frustrated Customers in Speaking Out Against Aqua Illinois&#8217; $19M Rate-hike Request at Public Forum<\/strong><\/a><\/li><li><i class=\"fa fa-caret-right\"><\/i>  7\/24\/24 &#8211; <a href=\"https:\/\/www.citizensutilityboard.org\/wp-content\/uploads\/2024\/07\/20240724-PJMCommitteeVoteRMR.pdf\" target=\"_blank\" rel=\"noopener\"><strong>Statement on PJM Committee Vote: A Strong Step Toward Clean, Affordable Energy Future<\/strong><\/a>\u00a0<\/li><li><i class=\"fa fa-caret-right\"><\/i>  7\/22\/24 &#8211; <a href=\"https:\/\/www.citizensutilityboard.org\/wp-content\/uploads\/2024\/07\/20240722_WaterPublicForums-1.pdf\" target=\"_blank\" rel=\"noopener\"><strong>Consumer Advocates Attend Bolingbrook Public Forum to Speak Out Against Illinois American Water&#8217;s $152 Million Rate-hike Request<\/strong><\/a>\u00a0<\/li><li><i class=\"fa fa-caret-right\"><\/i>  7\/18\/24 &#8211; <a href=\"https:\/\/www.citizensutilityboard.org\/wp-content\/uploads\/2024\/07\/Canvass-Launch-Release.pdf\" target=\"_blank\" rel=\"noopener\"><strong>Groups launch city-wide campaign to engage Chicagoans on Peoples Gas pipe replacement investigation<\/strong><\/a> <\/li><li><i class=\"fa fa-caret-right\"><\/i>  7\/11\/24 &#8211; <a href=\"https:\/\/www.citizensutilityboard.org\/wp-content\/uploads\/2024\/07\/20240711-Solar-Switch-Release.pdf\" target=\"_blank\" rel=\"noopener\"><strong>CUB, Chicagoland counties partner to offer \u201cSolar Switch\u201d program to secure rooftop solar discounts, lower power bills for participants<\/strong><\/a><\/li><li><i class=\"fa fa-caret-right\"><\/i> 7\/10\/24 &#8211; <a href=\"https:\/\/www.citizensutilityboard.org\/wp-content\/uploads\/2024\/06\/20240710-Water-Release.pdf\" target=\"_blank\" rel=\"noopener\"><strong>Bipartisan group of lawmakers join with CUB to oppose water rate hikes, call for legislative reforms<\/strong><\/a><\/li><li><i class=\"fa fa-caret-right\"><\/i> 6\/24\/24 &#8211; <a href=\"https:\/\/www.citizensutilityboard.org\/wp-content\/uploads\/2024\/06\/20240624-ComEd-Billing-Problems.pdf\" target=\"_blank\" rel=\"noopener\"><strong>CUB: ComEd Pushes For Customers To Pay Millions To Fix Botched Billing \u2018Upgrade\u2019 That Has Crippled IL\u2019s Acclaimed Community Solar Program<\/strong><\/a><\/li><li><i class=\"fa fa-caret-right\"><\/i>  6\/4\/24 &#8211; <a href=\"https:\/\/www.citizensutilityboard.org\/wp-content\/uploads\/2024\/06\/20240604-June-Power-Prices-News-Release-Final.pdf\" target=\"_blank\" rel=\"noopener\"><strong>CUB Alerts Illinois Consumers to New Summer Power Prices<\/strong><\/a><strong>\u00a0<\/strong><\/li> <li><i class=\"fa fa-caret-right\"><\/i>  5\/30\/24 &#8211; <strong><a href=\"https:\/\/www.citizensutilityboard.org\/wp-content\/uploads\/2024\/05\/20240530-PeoplesGasRehearingStatement.pdf\" target=\"_blank\" rel=\"noopener\">CUB Applauds ICC for Holding The Line on Peoples Gas, As Regulators Thwart Utility&#8217;s Renewed Bid for Inflated Spending on Pipe Replacement<\/a><\/strong><strong>\u00a0<\/strong><\/li><li><i class=\"fa fa-caret-right\"><\/i>  5\/23\/24 &#8211; <a href=\"https:\/\/www.citizensutilityboard.org\/wp-content\/uploads\/2024\/05\/20240523_ILAmericanTestimony.pdf\" target=\"_blank\" rel=\"noopener\"><strong>CUB Testimony Uncovers $50 Million in Overcharges in Illinois American Water&#8217;s Proposed Rate Hike<\/strong><\/a><strong>\u00a0<\/strong><\/li><ul class=\"icon \"><\/ul><li><i class=\"fa fa-caret-right\"><\/i>  5\/6\/24 &#8211; <a href=\"https:\/\/www.citizensutilityboard.org\/wp-content\/uploads\/2024\/05\/20240506-CUB-PIRG-Statement-on-BDC-Future-of-Gas-Report.pdf\" target=\"_blank\" rel=\"noopener\"><strong>Consumer Advocates Urge State Regulators To Hold The Line On Gas Utilities, Following Report Showing Heating Bills Could Reach Catastrophic New Highs<\/strong><\/a><strong>\u00a0<\/strong><\/li><ul class=\"icon \"><\/ul><li><i class=\"fa fa-caret-right\"><\/i>  5\/2\/24 &#8211; <a href=\"https:\/\/www.citizensutilityboard.org\/wp-content\/uploads\/2024\/05\/20240502_AquaTestimony.pdf\" target=\"_blank\" rel=\"noopener\"><strong>CUB, University Park Call for Cutting Aqua Rate-hike Request by 40%<\/strong><\/a>\u00a0<strong>\u00a0<\/strong><\/li><ul class=\"icon \"><\/ul><li><i class=\"fa fa-caret-right\"><\/i>  4\/3\/24 &#8211; <a href=\"https:\/\/www.citizensutilityboard.org\/wp-content\/uploads\/2024\/03\/ICJC-CABO-release-4-3-24.pdf\" target=\"_blank\" rel=\"noopener\"><strong>ICJC News Release: Experts say CABO will make new Chicago homes healthier, reduce energy bills, and create jobs. Peoples Gas President called out for prior false testimony<\/strong><\/a>\u00a0<strong>\u00a0<\/strong><\/li><ul class=\"icon \"><\/ul><li><i class=\"fa fa-caret-right\"><\/i>  2\/22\/24 &#8211; <a href=\"https:\/\/www.citizensutilityboard.org\/wp-content\/uploads\/2024\/01\/20240222_ATTOutage.pdf\" target=\"_blank\" rel=\"noopener\"><strong>CUB Statement on Nationwide AT&amp;T Outage<\/strong><\/a>\u00a0<strong>\u00a0<\/strong><\/li><ul class=\"icon \"><\/ul><li><i class=\"fa fa-caret-right\"><\/i>  2\/15\/24 &#8211; <strong><a href=\"https:\/\/www.citizensutilityboard.org\/wp-content\/uploads\/2024\/02\/20240215_UtilityAffordabilityActFinal.pdf\" target=\"_blank\" rel=\"noopener\">AARP IL, CUB Call for Legislation to Prohibit Utilities From Charging Customers Millions for Self-Serving PR Campaigns, Rate-Hike Legal Fees<\/a>\u00a0<\/strong><\/li><ul class=\"icon \"><\/ul><li><i class=\"fa fa-caret-right\"><\/i>  2\/14\/24 &#8211; <strong><a href=\"https:\/\/www.citizensutilityboard.org\/wp-content\/uploads\/2024\/01\/20240214-Carbondale-Homes-of-the-Future-Event-Release.pdf\" target=\"_blank\" rel=\"noopener\">Clean Energy Advocates Join Healthcare Professionals to Discuss Health Benefits of Electrification for Southern Illinois Families<\/a><\/strong> <\/li><ul class=\"icon \"><\/ul><li><i class=\"fa fa-caret-right\"><\/i>  2\/9\/24 &#8211; <a href=\"https:\/\/www.citizensutilityboard.org\/wp-content\/uploads\/2023\/11\/20240209-CUB-Statement-on-Illinois-American-Rate-Hike-Request.pdf\" target=\"_blank\" rel=\"noopener\"><strong>CUB Statement on Illinois American\u2019s $152 Million Rate-Hike Request<\/strong><\/a>\u00a0<\/li><ul class=\"icon \"><\/ul><li><i class=\"fa fa-caret-right\"><\/i>  1\/25\/24 &#8211; <a href=\"https:\/\/www.citizensutilityboard.org\/wp-content\/uploads\/2023\/11\/20240125-CUB-Statement-on-Aqua-Illinois-Rate-Hike-Request.pdf\" target=\"_blank\" rel=\"noopener\"><strong>CUB Statement on Aqua Illinois&#8217; Proposed $19.2 Million Rate Hike<\/strong><\/a>\u00a0<\/li><ul class=\"icon \"><\/ul><li><i class=\"fa fa-caret-right\"><\/i>  1\/23\/24 &#8211; <strong><a href=\"https:\/\/ilcleanjobs.org\/2024\/01\/23\/mayor-johnson-ald-hadden-business-leaders-and-environmental-justice-advocates-announce-introduction-of-clean-and-affordable-buildings-ordinance-cabo\/\" target=\"_blank\" rel=\"noopener\">Mayor Johnson, Ald. Hadden, Business Leaders, and Environmental Justice Advocates Announce Introduction of Clean and Affordable Buildings Ordinance (CABO)<\/a><\/strong> <\/li><ul class=\"icon \"><\/ul><li><i class=\"fa fa-caret-right\"><\/i>  1\/16\/24 &#8211; <a href=\"https:\/\/www.citizensutilityboard.org\/wp-content\/uploads\/2023\/11\/20240116_CUBs40thAnniversary.pdf\" target=\"_blank\" rel=\"noopener\"><strong>Marking 40 Years of Consumer Advocacy and $20 Billion in Savings, CUB Plans Year of Events To Help Illinois Consumers Protect Themselves Against Biggest Threats to Utility Bills In 2024<\/strong><\/a>\u00a0<\/li><li><i class=\"fa fa-caret-right\"><\/i>  1\/12\/24 &#8211; <a href=\"https:\/\/www.citizensutilityboard.org\/wp-content\/uploads\/2023\/11\/20240112_CUBColdWeatherAlert.docx.pdf\"><strong>Consumer alert: Tips to battle bitter cold at home <\/strong><\/a> <\/li><ul class=\"icon \"><\/ul><li><i class=\"fa fa-caret-right\"><\/i> 12\/15\/23 &#8211; <a href=\"https:\/\/www.citizensutilityboard.org\/wp-content\/uploads\/2023\/11\/20231215-PeoplesGasRateHikeStatement.pdf\" target=\"_blank\" rel=\"noopener\"><strong>CUB statement reacting to Peoples Gas&#8217; announcement of another likely rate hike: In the midst of a woeful heating bill crisis for consumers, utility is &#8220;unrepentant,&#8221; must be opposed <\/strong><\/a>\u00a0<\/li><ul class=\"icon \"><\/ul><li><i class=\"fa fa-caret-right\"><\/i>  12\/14\/23 &#8211; <a href=\"https:\/\/www.citizensutilityboard.org\/wp-content\/uploads\/2023\/10\/20231214-ICC-Electric-Rulings-Statement.docx.pdf\" target=\"_blank\" rel=\"noopener\"><strong>CUB applauds ICC for standing up for ComEd, Ameren customers, holding utilities accountable in unprecedented regulatory rulings<\/strong><\/a>\u00a0<\/li><ul class=\"icon \"><\/ul><li><i class=\"fa fa-caret-right\"><\/i>  12\/14\/23 &#8211; <a href=\"https:\/\/www.citizensutilityboard.org\/wp-content\/uploads\/2023\/10\/20231214_CUB-Statement-on-ICC-Peoples-Gas-Motion.pdf\" target=\"_blank\" rel=\"noopener\"><strong>CUB applauds regulators for rejecting Peoples Gas \u201ctheatrics,\u201d as ICC opposes latest bid to additional rate hike<\/strong><\/a>\u00a0<\/li><ul class=\"icon \"><\/ul><li><i class=\"fa fa-caret-right\"><\/i>  12\/1\/23 &#8211; <a href=\"https:\/\/www.citizensutilityboard.org\/wp-content\/uploads\/2023\/10\/20231201-Peoples-Gas-Motion-Statement.pdf\" target=\"_blank\" rel=\"noopener\"><strong>CUB Slams Irresponsible Peoples Gas Motion<\/strong><\/a>\u00a0<\/li><ul class=\"icon \"><\/ul><li><i class=\"fa fa-caret-right\"><\/i>  11\/30\/23 &#8211; <a href=\"https:\/\/www.citizensutilityboard.org\/wp-content\/uploads\/2023\/10\/20231130-Fall-Solar-Switch-Program-Release.pdf\" target=\"_blank\" rel=\"noopener\"><strong>CUB, MREA, Chicagoland Counties Launch Fall Solar Switch Program<\/strong><\/a> <\/li><ul class=\"icon \"><\/ul><li><i class=\"fa fa-caret-right\"><\/i>  11\/17\/23 &#8211; <a href=\"https:\/\/www.citizensutilityboard.org\/wp-content\/uploads\/2023\/10\/20231117-Gas-Rate-Case-Decisions.pdf\" target=\"_blank\" rel=\"noopener\"><strong>ICC Rulings Reduce Record Rate-Hike Proposals; Halt Controversial Pipe-Replacement Program, as Regulators Draw Line on Utility Excess<\/strong><\/a> \u00a0<\/li><ul class=\"icon \"><\/ul><li><i class=\"fa fa-caret-right\"><\/i>  11\/6\/23 &#8211; <a href=\"https:\/\/www.citizensutilityboard.org\/wp-content\/uploads\/2023\/11\/20231106-Testimony-Against-Peoples-Gas.docx.pdf\"><strong>Advocates Urge Chicago City Council Members to Oppose Record Peoples Gas Rate-hike Proposal as Decision by State Regulators Looms<\/strong><\/a> <\/li><ul class=\"icon \"><\/ul><li><i class=\"fa fa-caret-right\"><\/i>  11\/1\/23 &#8211; <a href=\"https:\/\/www.citizensutilityboard.org\/wp-content\/uploads\/2023\/11\/20231031-St-Charles-Event-Release.docx.pdf\"><strong>Event to Discuss Tri-Cities&#8217; &#8220;Coal Problem&#8221; and How Residents Can Work To Secure Cleaner, Cheaper and More Reliable Electricity<\/strong><\/a> <\/li><ul class=\"icon \"><\/ul><li><i class=\"fa fa-caret-right\"><\/i>  10\/19\/23 &#8211; <strong><a href=\"https:\/\/www.citizensutilityboard.org\/wp-content\/uploads\/2023\/08\/20231019_DayofAction.pdf\" target=\"_blank\" rel=\"noopener\">Day Of Action: Consumer Advocates Urge Officials To Say No To Peoples Gas\u2019 $402m Rate Hike, Yes To Clean &amp; Affordable Buildings Ordinance <\/a><\/strong><\/li><ul class=\"icon \"><\/ul><li><i class=\"fa fa-caret-right\"><\/i>  10\/17\/23 &#8211; <a href=\"https:\/\/www.citizensutilityboard.org\/wp-content\/uploads\/2023\/08\/20231017-ROFR-News-Release.pdf\" target=\"_blank\" rel=\"noopener\"><strong>Consumer advocates urge legislators to uphold veto of Ameren Illinois\u2019 \u2018Right of First Refusal\u2019 legislation<\/strong><\/a> <\/li><ul class=\"icon \"><\/ul><li><i class=\"fa fa-caret-right\"><\/i>  10\/12\/23 &#8211; <strong><a href=\"https:\/\/www.citizensutilityboard.org\/wp-content\/uploads\/2023\/08\/20231012-Winter-Power-Prices-News-Release.pdf\" target=\"_blank\" rel=\"noopener\">As ComEd and Ameren charge new winter rates, CUB issues statewide warning on alternative supplier rip-offs<\/a><\/strong><b>\u00a0<\/b><\/li><ul class=\"icon \"><\/ul><li><i class=\"fa fa-caret-right\"><\/i>  10\/11\/23 &#8211; <a href=\"https:\/\/www.citizensutilityboard.org\/wp-content\/uploads\/2023\/08\/20231011_PGProposedOrderStatement.pdf\" target=\"_blank\" rel=\"noopener\"><strong>CUB Calls on ICC to Reject Record Rate Hike for Peoples Gas After Agency Official Recommends Big Increase for Utility<\/strong><\/a> (<a href=\"https:\/\/www.citizensutilityboard.org\/wp-content\/uploads\/2023\/08\/20231011_ProposedOrderMemo.pdf\" target=\"_blank\" rel=\"noopener\">CUB&#8217;s Memo on the Proposed Order<\/a>)<b>\u00a0<\/b><\/li><ul class=\"icon \"><\/ul><li><i class=\"fa fa-caret-right\"><\/i>  9\/13\/23 &#8211; <a href=\"https:\/\/www.citizensutilityboard.org\/wp-content\/uploads\/2023\/07\/20230913-Clean-Heat-Event-Release.pdf\" target=\"_blank\" rel=\"noopener\"><strong>Consumer, Clean Energy Advocates Join Carbondale Leaders to Discuss <\/strong><strong>How Southern Illinoisans Can Transition to Cheaper, Cleaner Ways to Heat Homes<\/strong><\/a> <\/li><ul class=\"icon \"><\/ul><li><i class=\"fa fa-caret-right\"><\/i>  8\/16\/23 &#8211; <a href=\"https:\/\/www.citizensutilityboard.org\/wp-content\/uploads\/2023\/07\/20230816-CUB-Statement-on-HB3445.pdf\" target=\"_blank\" rel=\"noopener\"><strong>CUB Thanks Gov. Pritzker for Protecting Customers, Vetoing Expensive Ameren \u2018Right of First Refusal\u2019 Provision<\/strong><\/a>\u00a0<\/li><ul class=\"icon \"><\/ul><li><i class=\"fa fa-caret-right\"><\/i>  7\/20\/23 &#8211; <a href=\"https:\/\/www.citizensutilityboard.org\/wp-content\/uploads\/2023\/07\/20230720-Consumer-Advocates-to-Illinois-Utilities-Pause-Shut-offs-in-Storm-ravaged-Areas.pdf\" target=\"_blank\" rel=\"noopener\"><strong>Consumer Advocates to Illinois Utilities: Pause Shut-offs in Storm-ravaged Areas<\/strong><\/a> <\/li><ul class=\"icon \"><\/ul><li><i class=\"fa fa-caret-right\"><\/i>  7\/14\/23 &#8211; <a href=\"https:\/\/www.citizensutilityboard.org\/wp-content\/uploads\/2023\/05\/20230713-Ameren-Public-Forum.pdf\" target=\"_blank\" rel=\"noopener\"><strong>CUB Alert: ICC to Hold Public Forum on Ameren&#8217;s Proposed $481 Million Electric Rate Hike<\/strong><\/a> <\/li><ul class=\"icon \"><\/ul><li><i class=\"fa fa-caret-right\"><\/i>  6\/20\/23 &#8211; <a href=\"https:\/\/www.citizensutilityboard.org\/wp-content\/uploads\/2023\/04\/20230620-SarahMoskowitzExecutiveDirector.pdf\" target=\"_blank\" rel=\"noopener\"><strong>Longtime Consumer Advocate Sarah Moskowitz Succeeds David Kolata as CUB Executive Director<\/strong><\/a>\u00a0<\/li><ul class=\"icon \"><\/ul><li><i class=\"fa fa-caret-right\"><\/i>  6\/5\/23 &#8211; <a href=\"https:\/\/www.citizensutilityboard.org\/wp-content\/uploads\/2023\/04\/20230605-Solar-Switch-Chicagoland-Launch-News-Release.pdf\" target=\"_blank\" rel=\"noopener\"><strong>CUB, MREA, Chicagoland Counties Partner to Launch Solar Switch Program<\/strong><\/a> <\/li><ul class=\"icon \"><\/ul><li><i class=\"fa fa-caret-right\"><\/i>  6\/2\/23 &#8211; <a href=\"https:\/\/www.citizensutilityboard.org\/wp-content\/uploads\/2023\/04\/20230602-June-Power-Prices-News-Release.pdf\" target=\"_blank\" rel=\"noopener\"><strong>CUB shares new Summer Power Prices for Illinois Electric Utilities<\/strong><\/a> <\/li><ul class=\"icon \"><\/ul><li><i class=\"fa fa-caret-right\"><\/i>  6\/1\/23 &#8211; <a href=\"https:\/\/www.citizensutilityboard.org\/wp-content\/uploads\/2023\/04\/20230601-Peoples-Gas-Testimony-News-Release-FINAL.pdf\"><strong>CUB Working to Cut Peoples Gas Hike by $100+ Million<\/strong><\/a><\/li><ul class=\"icon \"><\/ul><li><i class=\"fa fa-caret-right\"><\/i>  5\/23\/23 &#8211; <a href=\"https:\/\/www.citizensutilityboard.org\/wp-content\/uploads\/2023\/02\/20230523-ComEd-Electric-Testimony-News-ReleaseFINAL.pdf\" target=\"_blank\" rel=\"noopener\"><strong>CUB Testimony Recommends $914 Million Reduction in ComEd Rate-hike Request<\/strong><\/a>\u00a0<\/li><ul class=\"icon \"><\/ul><li><i class=\"fa fa-caret-right\"><\/i>  5\/17\/23 &#8211; <a href=\"https:\/\/www.citizensutilityboard.org\/wp-content\/uploads\/2022\/09\/20230517-Peoples-Gas-News-Release.pdf\" target=\"_blank\" rel=\"noopener\"><strong>As Peoples Gas Rolls in Profits and Pushes for Record Rate Hike, Disturbing New Filings Shine Light on Mismanagement, Stonewalling in Troubled Pipeline Program<\/strong><\/a>\u00a0<\/li><ul class=\"icon \"><\/ul><li><i class=\"fa fa-caret-right\"><\/i>  5\/15\/23 &#8211; <a href=\"https:\/\/www.citizensutilityboard.org\/wp-content\/uploads\/2022\/09\/20230515-Ameren-Electric-Testimony-News-Release.pdf\" target=\"_blank\" rel=\"noopener\"><strong>CUB Testimony Recommends $492 Million Reduction in Ameren Electric Hike<\/strong><\/a>\u00a0<\/li><ul class=\"icon \"><\/ul><li><i class=\"fa fa-caret-right\"><\/i>  5\/12\/23 &#8211; <a href=\"https:\/\/www.citizensutilityboard.org\/wp-content\/uploads\/2022\/09\/20230511-PJM-Bailout-Vote-News-Release.pdf\" target=\"_blank\" rel=\"noopener\"><strong>Fossil Fuel Generators Can&#8217;t Perform&#8211;So They Just Voted For a Bailout<\/strong><\/a>\u00a0<\/li><ul class=\"icon \"><\/ul><li><i class=\"fa fa-caret-right\"><\/i>  5\/8\/23 &#8211; <a href=\"https:\/\/www.citizensutilityboard.org\/wp-content\/uploads\/2022\/09\/20230508-Ameren-Testimony-News-Release.pdf\" target=\"_blank\" rel=\"noopener\"><strong>CUB Testimony Recommends Deep Cuts in Ameren Gas Hike<\/strong><\/a> <\/li><li><i class=\"fa fa-caret-right\"><\/i>  5\/4\/23 &#8211; <a href=\"https:\/\/www.citizensutilityboard.org\/wp-content\/uploads\/2023\/02\/20230504-Nicor-Testimony-News-Release.pdf\" target=\"_blank\" rel=\"noopener\"><strong>CUB: State Regulators Should Slash Nicor Gas&#8217; Record Rate Hike<\/strong><\/a>\u00a0<\/li><li><i class=\"fa fa-caret-right\"><\/i>  5\/2\/23 &#8211; <a href=\"https:\/\/www.citizensutilityboard.org\/wp-content\/uploads\/2023\/02\/20230502-ComEd-Trial-News-Release.pdf\" target=\"_blank\" rel=\"noopener\"><strong>CUB Statement on ComEd Four Guilty Verdict<\/strong><\/a>\u00a0<\/li><li><i class=\"fa fa-caret-right\"><\/i>  4\/19\/23 &#8211; <a href=\"https:\/\/www.citizensutilityboard.org\/wp-content\/uploads\/2022\/09\/Solar-Guide-News-Release.pdf\" target=\"_blank\" rel=\"noopener\"><strong>Earth Week Announcement: CUB Releases First-ever Solar Guide<\/strong><\/a> <\/li><ul class=\"icon \"><\/ul><li><i class=\"fa fa-caret-right\"><\/i>  3\/30\/23 &#8211; <a href=\"https:\/\/www.citizensutilityboard.org\/wp-content\/uploads\/2022\/09\/20230330-CUB-Geothermal-Group-Buy-Program.pdf\" target=\"_blank\" rel=\"noopener\"><strong>CUB Works with GAOI, MREA to Launch Its First-ever Geothermal Group-Buy Program<\/strong><\/a><\/li><ul class=\"icon \"><\/ul><li><i class=\"fa fa-caret-right\"><\/i>  2\/1\/23 &#8211; <a href=\"https:\/\/www.citizensutilityboard.org\/wp-content\/uploads\/2022\/09\/20230201-CUB-Statement-on-Unprecedented-Rate-Hike-Barrage.pdf\" target=\"_blank\" rel=\"noopener\"><strong>CUB Alert: \u2018An Unprecedented Rate-Hike Barrage\u2019<\/strong><\/a>\u00a0<\/li><ul class=\"icon \"><\/ul><li><i class=\"fa fa-caret-right\"><\/i>  1\/31\/23 &#8211; <a href=\"https:\/\/www.citizensutilityboard.org\/wp-content\/uploads\/2022\/09\/20230131-CUB-Statement-on-Ameren-Illinois-Rate-Hike-Requests.pdf\" target=\"_blank\" rel=\"noopener\"><strong>CUB Statement on Ameren Illinois&#8217; Proposed Gas and Electric Rate Hikes<\/strong><\/a> <\/li><ul class=\"icon \"><\/ul><li><i class=\"fa fa-caret-right\"><\/i>  1\/19\/23 &#8211; <a href=\"https:\/\/www.citizensutilityboard.org\/wp-content\/uploads\/2022\/09\/20230119-National-Utility-Scorecard-Release.pdf\" target=\"_blank\" rel=\"noopener\"><strong>Fossil Fuels Increased Electricity Costs in U.S. Even Before War in Ukraine, New Analysis Suggests<\/strong><\/a> <\/li><ul class=\"icon \"><\/ul><li><i class=\"fa fa-caret-right\"><\/i>  1\/17\/23 &#8211; <a href=\"https:\/\/www.citizensutilityboard.org\/wp-content\/uploads\/2022\/09\/20230117-CUB-Statement-on-ComEd-Rate-Hike-Request.pdf\" target=\"_blank\" rel=\"noopener\"><strong>Statement from CUB Executive Director David Kolata on Record ComEd Rate-Hike Request<\/strong>\u00a0<\/a><\/li><ul class=\"icon \"><\/ul><li><i class=\"fa fa-caret-right\"><\/i>  1\/6\/23 &#8211; <a href=\"https:\/\/www.citizensutilityboard.org\/wp-content\/uploads\/2022\/09\/20230106-CUB-Statement-on-Peoples-Gas-Rate-Hike-Request.pdf\" target=\"_blank\" rel=\"noopener\"><strong>Statement from CUB Executive Director David Kolata on Peoples Gas $402 Million Rate-Hike Request<\/strong><\/a>\u00a0<\/li><ul class=\"icon \"><\/ul><li><i class=\"fa fa-caret-right\"><\/i>  1\/4\/23 &#8211; <a href=\"https:\/\/www.citizensutilityboard.org\/wp-content\/uploads\/2022\/09\/20230104-CUB-Statement-on-Nicor-Rate-Hike-Request.pdf\" target=\"_blank\" rel=\"noopener\"><strong>Statement from CUB Executive Director David Kolata on Another Record Nicor Gas Rate-Hike Request<\/strong><\/a> <\/li><ul class=\"icon \"><\/ul><li><i class=\"fa fa-caret-right\"><\/i>  12\/15\/22 &#8211; <strong><a href=\"https:\/\/www.citizensutilityboard.org\/wp-content\/uploads\/2022\/09\/20221215-Grow-Solar-Chicagoland-2022-Press-Release.pdf\" target=\"_blank\" rel=\"noopener\">Grow Solar Chicagoland Group Buy Program Ends, 76 Properties Going Solar<\/a><\/strong> <\/li><ul class=\"icon \"><\/ul><li><i class=\"fa fa-caret-right\"><\/i>  11\/10\/22 &#8211; <a href=\"https:\/\/www.citizensutilityboard.org\/wp-content\/uploads\/2022\/09\/20221110_HighGasPricesFinal.pdf\" target=\"_blank\" rel=\"noopener\"><strong>CONSUMER ALERT: CUB Releases Winter-Saving Tips<\/strong><\/a>\u00a0<\/li><ul class=\"icon \"><\/ul><li><i class=\"fa fa-caret-right\"><\/i>  10\/3\/22 &#8211; <strong><a href=\"https:\/\/www.citizensutilityboard.org\/wp-content\/uploads\/2022\/09\/20221003_EnergyPrices_Ameren.pdf\" target=\"_blank\" rel=\"noopener\">CONSUMER ALERT: Ameren IL&#8217;s New Power Price Up 126% From Last Year<\/a><\/strong>\u00a0<\/li><ul class=\"icon \"><\/ul><li><i class=\"fa fa-caret-right\"><\/i>  10\/3\/22 &#8211; <strong><a href=\"https:\/\/www.citizensutilityboard.org\/wp-content\/uploads\/2022\/09\/20221003_EnergyPrices_ComEd.pdf\" target=\"_blank\" rel=\"noopener\">CONSUMER ALERT: New ComEd Price Up 26% From Last Year, CEJA Credit Offering Relief To Customers<\/a><\/strong> <\/li><ul class=\"icon \"><\/ul><li><i class=\"fa fa-caret-right\"><\/i>  9\/29\/22 &#8211; <strong><a href=\"https:\/\/www.citizensutilityboard.org\/wp-content\/uploads\/2022\/09\/20220929_PerformanceMetrics.pdf\" target=\"_blank\" rel=\"noopener\">CUB: ICC Rulings Usher in New Era For Illinois Utility Customers<\/a><\/strong>\u00a0<\/li><ul class=\"icon \"><\/ul><li><i class=\"fa fa-caret-right\"><\/i>  9\/29\/22 &#8211; <a href=\"https:\/\/www.citizensutilityboard.org\/wp-content\/uploads\/2022\/09\/20220929_GrowSolarFinalRelease.pdf\" target=\"_blank\" rel=\"noopener\"><strong>Sept. 30 Deadline for Grow Solar Chicagoland Program that Promotes Affordable Solar<\/strong><\/a> <\/li><ul class=\"icon \"><\/ul><li><i class=\"fa fa-caret-right\"><\/i>  9\/20\/22 &#8211; <a href=\"https:\/\/www.citizensutilityboard.org\/wp-content\/uploads\/2021\/09\/ComEd-rebates-9.20.22.pdf\"><strong>News Release from Illinois Attorney General&#8217;s Office: Attorney General Raoul Urges Commerce Commission to Order ComEd Pay Customers Larger Refunds<\/strong><\/a><\/li><ul class=\"icon \"><\/ul><li><i class=\"fa fa-caret-right\"><\/i>  8\/17\/22 &#8211; <strong><a href=\"https:\/\/www.citizensutilityboard.org\/wp-content\/uploads\/2021\/07\/20220817-ComEd-Scandal-Refund-Statement-1.pdf\">CUB Statement on Refund Connected to ComEd Scandal<\/a><\/strong><\/li><ul class=\"icon \"><\/ul><li><i class=\"fa fa-caret-right\"><\/i>  8\/2\/22 &#8211; <a href=\"https:\/\/www.citizensutilityboard.org\/wp-content\/uploads\/2022\/08\/20220802-IL-American-Water-Update-Release.pdf\" target=\"_blank\" rel=\"noopener\"><strong>Advocates Fight $100 Million Illinois American Water Increase<\/strong><\/a> <\/li><ul class=\"icon \"><\/ul><li><i class=\"fa fa-caret-right\"><\/i>  7\/28\/22 &#8211; <a href=\"https:\/\/www.citizensutilityboard.org\/wp-content\/uploads\/2022\/08\/20220728-Utility-Consumer-Protections-July-31-Expiration.pdf\" target=\"_blank\" rel=\"noopener\"><strong>CUB Urges Consumers to Contact Their Utilities as Some Protections Expire July 31<\/strong><\/a> <\/li> <ul class=\"icon \"><\/ul><li><i class=\"fa fa-caret-right\"><\/i>  7\/28\/22 &#8211; <a href=\"https:\/\/www.citizensutilityboard.org\/wp-content\/uploads\/2022\/07\/20220728-CUB-Summer-Event-Series-Press-Release.pdf\"><strong>CUB Holds Summer Virtual Event Series<\/strong><\/a> <\/li> <ul class=\"icon \"><\/ul><li><i class=\"fa fa-caret-right\"><\/i> 7\/11\/22 &#8211; <a href=\"https:\/\/www.citizensutilityboard.org\/wp-content\/uploads\/2022\/07\/20220711-CEJA-Tax-Related-Refund-Statement.pdf\"><strong>CUB Statement on Another CEJA Victory: $480 Million in Tax-Related Refunds<\/strong><\/a> | <a href=\"https:\/\/www.citizensutilityboard.org\/wp-content\/uploads\/2022\/07\/20220712-CUB-Statement-Tax-Related-Refunds-SPA.pdf\"><strong>Comunicado de CUB sobre otra victoria de CEJA: $480 millones en reembolsos relacionados con impuestos<\/strong><\/a> <\/li> <ul class=\"icon \"><\/ul><li><i class=\"fa fa-caret-right\"><\/i> 7\/6\/22 &#8211; <a href=\"https:\/\/www.citizensutilityboard.org\/wp-content\/uploads\/2022\/07\/20220705_EVGuideRelease.pdf\"><strong>CUB Marks Launch of Illinois\u2019 Historic EV Rebate with First-ever EV Buyer\u2019s Handbook<\/strong><\/a>\u00a0<\/li> <ul class=\"icon \"><\/ul><li><i class=\"fa fa-caret-right\"><\/i> 6\/30\/22 &#8211; <a href=\"https:\/\/www.citizensutilityboard.org\/wp-content\/uploads\/2022\/07\/20220630_OutagePreparationRelease.pdf\" target=\"_blank\" rel=\"noopener\"><strong>CUB Releases Tips on Preparing Your Home for Power Outages<\/strong><\/a><b> | <\/b><a href=\"https:\/\/www.citizensutilityboard.org\/wp-content\/uploads\/2022\/07\/20220629_comunicado_Apagones.pdf\" target=\"_blank\" rel=\"noopener\"><strong>CUB Advierte A Los Clientes De Servicios P\u00fablicos: Siempre Debemos Estar Preparados Para Un Apag\u00f3n El\u00e9ctrico<\/strong><\/a> <\/li><ul class=\"icon \"><\/ul><li><i class=\"fa fa-caret-right\"><\/i> 6\/22\/22 &#8211; <a href=\"https:\/\/www.citizensutilityboard.org\/wp-content\/uploads\/2022\/09\/20220622-CUB-Releases-Free-Guide-to-Fighting-Robocalls.pdf\" target=\"_blank\" rel=\"noopener\"><strong>CUB Releases Free Guide to Fighting Robocalls<\/strong><\/a>\u00a0<\/li><ul class=\"icon \"><\/ul><li><i class=\"fa fa-caret-right\"><\/i> 6\/14\/22 &#8211; <a href=\"https:\/\/www.citizensutilityboard.org\/wp-content\/uploads\/2022\/06\/20220614-HeatWaveRelease.pdf\" target=\"_blank\" rel=\"noopener\"><strong>CUB Urges Chicago Residents to Stay Safe, Cool During Dangerous Heat<\/strong><\/a>\u00a0<\/li><ul class=\"icon \"><\/ul><li><i class=\"fa fa-caret-right\"><\/i> 6\/2\/22 &#8211; <strong><a href=\"https:\/\/www.youtube.com\/watch?v=kUNq7Emmmxo\" target=\"_blank\" rel=\"noopener\">WGN News: CUB has program to make going solar easier <\/a><\/strong><\/li><ul class=\"icon \"><\/ul><li><i class=\"fa fa-caret-right\"><\/i> 6\/1\/22 &#8211; <strong><a href=\"https:\/\/www.citizensutilityboard.org\/wp-content\/uploads\/2022\/06\/20220601_AmerenPowerPrice.pdf\" target=\"_blank\" rel=\"noopener\">CUB: Ameren Illinois\u2019 Summer Power Price Increases By 120% on June 1<\/a><\/strong>\u00a0<\/li><ul class=\"icon \"><\/ul><li><i class=\"fa fa-caret-right\"><\/i> 6\/1\/22 &#8211; <a href=\"https:\/\/www.citizensutilityboard.org\/wp-content\/uploads\/2022\/06\/20220601_ComEdPowerPrice.pdf\" target=\"_blank\" rel=\"noopener\"><strong>CUB Alerts Consumers to Increase in ComEd Price, CEJA Credit Will Give Break To Customers<\/strong><\/a><\/li><ul class=\"icon \"><\/ul><li><i class=\"fa fa-caret-right\"><\/i> 5\/19\/22 &#8211; <strong><a href=\"https:\/\/www.citizensutilityboard.org\/wp-content\/uploads\/2022\/05\/20220519-Grow-Solar-Chicago-Event-Release.pdf\" target=\"_blank\" rel=\"noopener\">Grow Solar Chicagoland Launches 2022 Group Buy: Partnership to Help Consumers Buy Discounted Solar Panels<\/a><\/strong> <\/li><ul class=\"icon \"><\/ul><li><i class=\"fa fa-caret-right\"><\/i> 5\/16\/22 &#8211; <a href=\"https:\/\/www.citizensutilityboard.org\/wp-content\/uploads\/2022\/05\/051622-GrowSolarRelease.pdf\" target=\"_blank\" rel=\"noopener\"><strong>A Win For Pocketbooks And Planet: CUB Announces Innovative Program <\/strong><strong>To Connect Consumers With Money-Saving Solar Power<\/strong><\/a> <\/li><li><i class=\"fa fa-caret-right\"><\/i> 5\/10\/22 &#8211; <a href=\"https:\/\/www.citizensutilityboard.org\/wp-content\/uploads\/2022\/05\/20220510-CUB-DCEO-LIHEAP-Deadline-Press-Release.pdf\" target=\"_blank\" rel=\"noopener\"><strong>CUB Alerts Illinois Consumers: Apply Now for Utility Bill Assistance Before May 31 Deadline<\/strong><\/a>\u00a0<\/li><ul class=\"icon \"><\/ul><li><i class=\"fa fa-caret-right\"><\/i> 4\/20\/22 &#8211; <strong><a href=\"https:\/\/www.citizensutilityboard.org\/wp-content\/uploads\/2022\/04\/20220420-CUB-Statement-on-Ameren-Rate-Hike.pdf\" target=\"_blank\" rel=\"noopener\">CUB Statement on $83 Million Ameren Rate-Hike Request<\/a><\/strong>\u00a0<\/li><ul class=\"icon \"><\/ul><li><i class=\"fa fa-caret-right\"><\/i> 4\/15\/22 &#8211; <strong><a href=\"https:\/\/www.citizensutilityboard.org\/wp-content\/uploads\/2022\/04\/20220415-CUB-Statement-on-ComEd-Rate-Hike.pdf\" target=\"_blank\" rel=\"noopener\">CUB Statement on $199 Million ComEd Rate-Hike Request<\/a><\/strong> <\/li><ul class=\"icon \"><\/ul><li><i class=\"fa fa-caret-right\"><\/i> 4\/12\/22 &#8211; <a href=\"https:\/\/www.citizensutilityboard.org\/wp-content\/uploads\/2022\/04\/20220412-HB-4281-Press-Release.pdf\" target=\"_blank\" rel=\"noopener\"><strong>Consumer Victory: Advocates Praise Passage of HB 4281 in Illinois<\/strong><\/a><\/li><ul class=\"icon \"><\/ul><li><i class=\"fa fa-caret-right\"><\/i> 4\/6\/22 &#8211; <a href=\"https:\/\/www.citizensutilityboard.org\/wp-content\/uploads\/2022\/04\/20220405-Gas-Protections-Press-Release.pdf\" target=\"_blank\" rel=\"noopener\"><strong>In Another Month of High Gas Prices, CUB Alerts Consumers to New Protections<\/strong><\/a><\/li><ul class=\"icon \"><\/ul><li><i class=\"fa fa-caret-right\"><\/i> 4\/4\/22 &#8211; <a href=\"https:\/\/www.citizensutilityboard.org\/wp-content\/uploads\/2022\/04\/040322-Cable-Guide-Press-Release.pdf\" target=\"_blank\" rel=\"noopener\"><strong>CUB Releases New Guide to Help Consumers Reduce TV Costs<\/strong><\/a><\/li><ul class=\"icon \"><\/ul><li><i class=\"fa fa-caret-right\"><\/i> 3\/2\/22 &#8211;\u00a0<strong><a href=\"https:\/\/www.citizensutilityboard.org\/wp-content\/uploads\/2021\/07\/20220302_HighGasPrices.pdf\" target=\"_blank\" rel=\"noopener\">Marking A Year of Skyrocketing Gas Prices: CUB Alerts Consumers to Gas Bill Myths<\/a><\/strong><\/li><ul class=\"icon \"><\/ul><li><i class=\"fa fa-caret-right\"><\/i> 2\/15\/22 &#8211; <strong><a href=\"https:\/\/www.citizensutilityboard.org\/wp-content\/uploads\/2021\/07\/20220215_NationalAssessment.pdf\">CUB Report: Comprehensive State-By-State Rankings on Utility Performance Cast Doubt on Claims that Fossil Fuels Lower Power Bills<\/a><\/strong><\/li><ul class=\"icon \"><\/ul><li><i class=\"fa fa-caret-right\"><\/i> 1\/31\/22 &#8211; <strong><a href=\"https:\/\/www.citizensutilityboard.org\/wp-content\/uploads\/2021\/07\/20220131_QIPCampaign.pdf\" target=\"_blank\" rel=\"noopener\">As Illinois Consumers Suffer Through a Cold, Expensive Winter, Coalition Urges Springfield to End Abusive Surcharge on Heating Bills<\/a><\/strong><\/li><ul class=\"icon \"><\/ul><li><i class=\"fa fa-caret-right\"><\/i> 1\/7\/22 &#8211; <strong><a href=\"https:\/\/www.citizensutilityboard.org\/wp-content\/uploads\/2021\/07\/20220107_HighGasPrices.pdf\" target=\"_blank\" rel=\"noopener\">CUB Alerts Consumers to Online Help Center, as High Heating Prices, Aggressive Utility Spending Send Gas Bills Skyrocketing<\/a><\/strong><\/li><ul class=\"icon \"><\/ul><li><i class=\"fa fa-caret-right\"><\/i> 12\/15\/21 &#8211; <strong><a href=\"https:\/\/www.citizensutilityboard.org\/wp-content\/uploads\/2021\/07\/20211215_AmerenRateHike.docx.pdf\" target=\"_blank\" rel=\"noopener\">Statement from CUB on Ameren&#8217;s $57.6 Million Electric Rate Hike<\/a><\/strong><\/li><ul class=\"icon \"><\/ul><li><i class=\"fa fa-caret-right\"><\/i> 12\/01\/21 &#8211; <a href=\"https:\/\/www.citizensutilityboard.org\/wp-content\/uploads\/2021\/07\/20211202_ComEdRateHike.pdf\" target=\"_blank\" rel=\"noopener\"><strong>Statement from CUB On ComEd&#8217;s $45.8 Million Rate Hike<\/strong><\/a><\/li><ul class=\"icon \"><\/ul><li><i class=\"fa fa-caret-right\"><\/i> 11\/19\/21 &#8211; <a href=\"https:\/\/www.citizensutilityboard.org\/wp-content\/uploads\/2021\/07\/20211119_NicorGasRateHike.pdf\" target=\"_blank\" rel=\"noopener\"><strong>CUB Executive Director David Kolata&#8217;s Statement on Nicor Rate Hike<\/strong><\/a><\/li><li><i class=\"fa fa-caret-right\"><\/i> 11\/10\/21 &#8211; <a href=\"https:\/\/www2.illinois.gov\/IISNews\/24128-State_of_Illinois_Reminds_Residents_to_Apply_for_$200_Million_in_Utility_Relief_Available_Now_for_Families_in_Need.pdf\" target=\"_blank\" rel=\"noopener\"><strong>State of Illinois Reminds Residents to Apply for $200 Million in Utility Relief Available Now for Families in Need<\/strong><\/a><\/li><ul class=\"icon \"><\/ul><li><i class=\"fa fa-caret-right\"><\/i> 11\/1\/21 &#8211; <a href=\"https:\/\/www.citizensutilityboard.org\/wp-content\/uploads\/2021\/05\/20211101-Nov-Gas-PricesFinal.pdf\" target=\"_blank\" rel=\"noopener\"><strong>With An Expensive Winter Ahead, CUB Help Center Aims to Protect Consumers from Ballooning Natural Gas Bills<\/strong><\/a><\/li><li><i class=\"fa fa-caret-right\"><\/i> 10\/21\/21 &#8211; <a href=\"https:\/\/www.citizensutilityboard.org\/wp-content\/uploads\/2021\/05\/20211021_PGLStudy.pdf\" target=\"_blank\" rel=\"noopener\"><strong>Chicago Residents Would Save Thousands by Switching from Gas to Electric Heat, CUB Study Finds<\/strong><\/a><\/li><li><i class=\"fa fa-caret-right\"><\/i> 10\/11\/21 &#8211; <strong><a href=\"https:\/\/www.citizensutilityboard.org\/wp-content\/uploads\/2021\/10\/20211008-Renters-Guide.pdf\">CUB&#8217;s Newest Consumer Guide Aims to Help Renters<\/a><\/strong><\/li><li><i class=\"fa fa-caret-right\"><\/i> 10\/04\/21 &#8211; <a href=\"https:\/\/www.citizensutilityboard.org\/wp-content\/uploads\/2021\/03\/20211004_HighGasPrices.pdf\" target=\"_blank\" rel=\"noopener\"><strong>Consumer Alert: CUB Launches Online Help Center as Natural Gas Prices Surge at Double or Nearly Triple Last Year&#8217;s Levels<\/strong><\/a><\/li><li><i class=\"fa fa-caret-right\"><\/i> 10\/01\/21 &#8211; <a href=\"https:\/\/www.citizensutilityboard.org\/wp-content\/uploads\/2021\/03\/20211001_ComEdAmerenPrices.pdf\" target=\"_blank\" rel=\"noopener\"><strong>CUB Alerts Consumers to Change in ComEd, Ameren Power Prices, Watchdog Warns of Rip-offs Peddled by Alternative Suppliers<\/strong><\/a><\/li><ul class=\"icon \"><\/ul><li><i class=\"fa fa-caret-right\"><\/i> 9\/16\/21 &#8211; <a href=\"https:\/\/www.citizensutilityboard.org\/wp-content\/uploads\/2021\/03\/20210915_NorthShoreGasStatement.pdf\" target=\"_blank\" rel=\"noopener\"><strong>Statement by CUB Executive Director David Kolata on North Shore Gas Rate Increase<\/strong><\/a><\/li><ul class=\"icon \"><\/ul><li><i class=\"fa fa-caret-right\"><\/i> 9\/14\/21 &#8211; <a href=\"https:\/\/www.citizensutilityboard.org\/wp-content\/uploads\/2021\/03\/20210914-Star-Energy.pdf\" target=\"_blank\" rel=\"noopener\"><strong>Alternative Supplier to Pay $300,000 for Alleged Marketing Violations<\/strong><\/a><\/li><li><i class=\"fa fa-caret-right\"><\/i> 9\/13\/21 &#8211; <a href=\"https:\/\/www.citizensutilityboard.org\/wp-content\/uploads\/2021\/03\/20210913_PassageofCEJA.pdf\"><strong>Statement by CUB Executive Director David Kolata on Passage of the Climate and Equitable Jobs Act<\/strong><\/a><\/li><li><i class=\"fa fa-caret-right\"><\/i> 9\/9\/21 &#8211;<a href=\"https:\/\/www.citizensutilityboard.org\/wp-content\/uploads\/2021\/03\/20210909_ComEdLawsuit.pdf\" target=\"_blank\" rel=\"noopener\"> <strong>Statement by CUB Executive Director David Kolata on Dismissal of Federal Class Action Against ComEd<\/strong><\/a><\/li><ul class=\"icon \"><\/ul><li><i class=\"fa fa-caret-right\"><\/i> 7\/30\/21 &#8211;<a href=\"https:\/\/www.citizensutilityboard.org\/wp-content\/uploads\/2021\/02\/20210726-Outreach-Webinar-Series.pdf\" target=\"_blank\" rel=\"noopener\"> <strong>CUB Summer Event Series Focused on Bill Savings and Solar<\/strong><\/a><\/li><li><i class=\"fa fa-caret-right\"><\/i> 7\/29\/21 &#8211;<a href=\"https:\/\/www.citizensutilityboard.org\/wp-content\/uploads\/2021\/07\/20210729-Nicor-Renewable-Gas.pdf\"> <strong>Citizens Utility Board Challenges ICC&#8217;s Approval of Nicor&#8217;s &#8220;Trash Gas&#8221; program<\/strong><\/a><\/li><li><i class=\"fa fa-caret-right\"><\/i> 7\/28\/21 &#8211; <a href=\"https:\/\/www.citizensutilityboard.org\/wp-content\/uploads\/2021\/07\/20210728-Great-American-Power.pdf\"><strong>Alternative Supplier to Pay $325,000 for Alleged Marketing, Sales Violations<\/strong><\/a><\/li><li><i class=\"fa fa-caret-right\"><\/i> 6\/29\/21 &#8211; <strong><a href=\"https:\/\/www.citizensutilityboard.org\/wp-content\/uploads\/2021\/07\/20210629-Phone-Choices-Guide.pdf\" target=\"_blank\" rel=\"noopener\">CUB Releases New Guide to Help Illinois Consumers Shop Phone Market<\/a><\/strong><\/li><li><i class=\"fa fa-caret-right\"><\/i> 6\/10\/21 &#8211; <strong><a href=\"https:\/\/www.citizensutilityboard.org\/wp-content\/uploads\/2021\/06\/20210609-New-Summer-Electric-Rates.pdf\">CUB Alerts Illinois Consumers To Change In ComEd, Ameren Power Prices<\/a><\/strong><\/li><li><i class=\"fa fa-caret-right\"><\/i> 4\/20\/21 &#8211; <strong><a href=\"https:\/\/www.citizensutilityboard.org\/wp-content\/uploads\/2021\/06\/20210420_AmerenRateHike.pdf\">Statement by CUB Executive Director David Kolata on Ameren&#8217;s $64 Million Rate-Hike Request<\/a><\/strong><\/li><li><i class=\"fa fa-caret-right\"><\/i> 4\/19\/21 &#8211; <strong><a href=\"https:\/\/www.citizensutilityboard.org\/wp-content\/uploads\/2021\/06\/20210419_ComEdRateHike.pdf\">Statement by CUB Executive Director David Kolata on ComEd&#8217;s $51 Million Rate-Hike Request<\/a><\/strong><\/li><li><i class=\"fa fa-caret-right\"><\/i> 3\/22\/21 &#8211; <a href=\"https:\/\/www.citizensutilityboard.org\/wp-content\/uploads\/2021\/02\/20210322_WaterPrivatizationLegislationRelease.pdf\"><strong>Watchdog Urges Springfield To Give Consumers A Voice On Water Privatization, New Figures Reveal Aqua, Illinois American Spending Spree<\/strong><\/a><\/li><li><i class=\"fa fa-caret-right\"><\/i> 3\/12\/21 &#8211; <strong><a href=\"https:\/\/www.citizensutilityboard.org\/wp-content\/uploads\/2021\/02\/Coalition-legislators-introduce-legislation-to-rein-in-rapidly-rising-gas-utility-bills.pdf\">Coalition, legislators introduce legislation to rein in rapidly rising gas utility bills<\/a><\/strong><\/li><li><i class=\"fa fa-caret-right\"><\/i> 3\/8\/21 &#8211; <strong><a href=\"https:\/\/www2.illinois.gov\/dceo\/Media\/PressReleases\/Pages\/PR20210308.aspx\">State Joins CUB in Urging Low-Income Households to Take Advantage of More Than $100 Million in Funding Still Available Through Energy Assistance Program<\/a><\/strong> <\/li><li><i class=\"fa fa-caret-right\"><\/i> 2\/17\/21 &#8211; <strong><a href=\"https:\/\/www.citizensutilityboard.org\/wp-content\/uploads\/2021\/02\/20210217_NorthShoreGasRateHike.pdf\">CUB: North Shore Gas&#8217; $10.6 Million Rate-Hike Plan Unjust, Unreasonable<\/a><\/strong><\/li><li><i class=\"fa fa-caret-right\"><\/i> 2\/16\/21 &#8211; <a href=\"https:\/\/www.citizensutilityboard.org\/wp-content\/uploads\/2021\/02\/20210216_CUBColdWeatherAlert.pdf\"><strong>Consumer Alert: Tips to Battle Bitter Cold at Home<\/strong><\/a><\/li><li><i class=\"fa fa-caret-right\"><\/i> 1\/15\/21 &#8211; <strong><a href=\"https:\/\/www.citizensutilityboard.org\/wp-content\/uploads\/2021\/01\/20210115_AmerenGasRateHike.pdf\">CUB Statement on Ameren Illinois&#8217; $76 Million Natural Gas Rate Hike<\/a><\/strong><\/li><li><i class=\"fa fa-caret-right\"><\/i> 1\/15\/21 &#8211; <strong><a href=\"https:\/\/www.citizensutilityboard.org\/wp-content\/uploads\/2020\/07\/20210115_NicorGasRateHike.pdf\">Statement from CUB Executive Director David Kolata on Record Nicor Gas Rate-Hike Request<\/a><\/strong><\/li><li><i class=\"fa fa-caret-right\"><\/i> 12\/14\/20 &#8211; <a href=\"https:\/\/www.citizensutilityboard.org\/wp-content\/uploads\/2020\/12\/20201214_COVIDConsumerProtectionsAlert.pdf\"><strong>CUB Urges Illinois Consumers to Contact Their Utilities to Access Consumer Protections<\/strong><\/a><\/li><li><i class=\"fa fa-caret-right\"><\/i> 12\/09\/20 &#8211;<strong><a href=\"https:\/\/www.citizensutilityboard.org\/wp-content\/uploads\/2020\/07\/20201209_AmerenRateCut.pdf\"> CUB Statement on Ameren Electricity Rate Decrease<\/a>\u00a0<\/strong><\/li><li><i class=\"fa fa-caret-right\"><\/i> 12\/9\/20 &#8211;<strong> <a href=\"https:\/\/www.citizensutilityboard.org\/wp-content\/uploads\/2020\/07\/20201209_ComEdRateCut.pdf\" target=\"_blank\" rel=\"noopener noreferrer\">CUB Statement on ComEd Electricity Rate Decrease<\/a>\u00a0<\/strong><\/li><li><i class=\"fa fa-caret-right\"><\/i> 12\/4\/20 &#8211;<strong> <a href=\"https:\/\/www.citizensutilityboard.org\/wp-content\/uploads\/2020\/12\/20201204_Solarinthecommunity.pdf\">CUB Launches New Resource for Consumers Interested in Solar<\/a> <\/strong><\/li><li><i class=\"fa fa-caret-right\"><\/i> 11\/5\/20 &#8211; <strong><a href=\"https:\/\/www.citizensutilityboard.org\/wp-content\/uploads\/2020\/07\/20201105_SolarizeChicagoland.pdf\">Solarize Chicagoland Surpasses Summer Goals, Will Install 80 Solar Arrays<\/a><\/strong><\/li><li><i class=\"fa fa-caret-right\"><\/i> 10\/14\/20 &#8211; <a href=\"https:\/\/www.citizensutilityboard.org\/wp-content\/uploads\/2020\/10\/20201013_COVIDConsumerProtectionsAlert.pdf\" target=\"_blank\" rel=\"noopener noreferrer\"><strong>CUB to Consumers Struggling with Their Bills: Call Your Utility<\/strong><\/a><\/li><li><i class=\"fa fa-caret-right\"><\/i> 9\/30\/20 &#8211; <strong><a href=\"https:\/\/www.citizensutilityboard.org\/wp-content\/uploads\/2020\/07\/20200928_WinterElectricRates.pdf\">CUB Alerts Ameren, ComEd Customers to Change in Power Prices<\/a><\/strong><\/li><li><i class=\"fa fa-caret-right\"><\/i> 9\/21\/20 &#8211; <strong><a href=\"https:\/\/www.citizensutilityboard.org\/wp-content\/uploads\/2020\/07\/20200921_CUBStatement.pdf\" target=\"_blank\" rel=\"noopener noreferrer\">CUB Responds to Distortions in WBEZ-FM Report <\/a><\/strong>(Supporting <a href=\"https:\/\/www.citizensutilityboard.org\/wp-content\/uploads\/2020\/07\/StatementFromGovQuinn.pdf\" target=\"_blank\" rel=\"noopener noreferrer\"><strong>statement from former Gov. Pat Quinn<\/strong><\/a>)<\/li><li><i class=\"fa fa-caret-right\"><\/i> 8\/27\/20 &#8211; <strong><a href=\"https:\/\/www.citizensutilityboard.org\/wp-content\/uploads\/2020\/07\/20200827_ExelonAnnouncement.pdf\">CUB Statement on Exelon Announcing Potential Closing of 2 Nuclear Power Plants<\/a><\/strong><\/li><li><i class=\"fa fa-caret-right\"><\/i> 8\/21\/20 &#8211;\u00a0<a href=\"https:\/\/www.citizensutilityboard.org\/wp-content\/uploads\/2020\/07\/20200821_GovCleanEnergyWorkingGroups.pdf\" target=\"_blank\" rel=\"noopener noreferrer\"><strong>CUB Statement on Gov. Pritzker Restarting Clean Energy Discussions<\/strong><\/a><\/li><li><i class=\"fa fa-caret-right\"><\/i> 8\/12\/20 &#8211; <a href=\"https:\/\/www.citizensutilityboard.org\/wp-content\/uploads\/2020\/07\/20200812_SupplierLosses.pdf\" target=\"_blank\" rel=\"noopener noreferrer\"><strong>Report: Since 2015, IL Customers Have Lost $1 Billion with Alt Suppliers<\/strong><\/a><\/li><li><i class=\"fa fa-caret-right\"><\/i> 7\/30\/20 &#8211; <a href=\"https:\/\/www.citizensutilityboard.org\/wp-content\/uploads\/2020\/07\/20200730_CUBStatementOnComEdScandal.pdf\" target=\"_blank\" rel=\"noopener noreferrer\"><strong>CUB Statement on ComEd&#8217;s Remarks Before the Chicago City Council<\/strong><\/a><\/li><ul class=\"icon \"><\/ul><li><i class=\"fa fa-caret-right\"><\/i> 7\/29\/20 &#8211; <a href=\"https:\/\/www.citizensutilityboard.org\/wp-content\/uploads\/2020\/06\/20200729_EVGuide.pdf\"><strong>CUB Analysis: Put Low-Income Communities at Heart of State EV Policy<\/strong><\/a><\/li><li><i class=\"fa fa-caret-right\"><\/i> 7\/17\/20 &#8211; <strong><a href=\"https:\/\/www.citizensutilityboard.org\/wp-content\/uploads\/2020\/07\/20200717_CUBStatementOn200ComEdFine.pdf\">CUB Statement on $200 Million ComEd Fine in Federal Lobbying Probe<\/a><\/strong><\/li><li><i class=\"fa fa-caret-right\"><\/i> 7\/16\/20 &#8211; <strong><a href=\"https:\/\/www.citizensutilityboard.org\/wp-content\/uploads\/2020\/07\/20200716_SolarizeChicagolandUpdate.pdf\">CUB alerts Chicago-area consumers about program to make solar more affordable and accessible<\/a><\/strong><\/li><li><i class=\"fa fa-caret-right\"><\/i> 6\/18\/20 &#8211; <strong><a href=\"https:\/\/www.citizensutilityboard.org\/wp-content\/uploads\/2020\/06\/20200618_COVID19ConsumerProtectionsCUBStatement.pdf\">CUB Statement on the ICC approval of COVID-19 utility customer protections<\/a><\/strong><\/li><li><i class=\"fa fa-caret-right\"><\/i> 6\/11\/20 &#8211;<strong><a href=\"https:\/\/www.citizensutilityboard.org\/newcovid19consumerprotections\/\"> A model for the nation: consumer advocates announce historic COVID-19 relief plan for Illinois utility customers<\/a><\/strong><\/li><li><i class=\"fa fa-caret-right\"><\/i> 6\/1\/20 &#8211;\u00a0<strong><a href=\"https:\/\/www.citizensutilityboard.org\/wp-content\/uploads\/2020\/06\/20200601_ComEdSummerPricing.pdf\" target=\"_blank\" rel=\"noopener noreferrer\">CUB alerts ComEd customers to change in power price<\/a><\/strong><\/li><li><i class=\"fa fa-caret-right\"><\/i> 6\/1\/20 &#8211;\u00a0<strong><a href=\"https:\/\/www.citizensutilityboard.org\/wp-content\/uploads\/2020\/06\/20200601_AmerenSummerPricing.pdf\" target=\"_blank\" rel=\"noopener noreferrer\">CUB alerts Ameren Illinois customers to change in power price<\/a><\/strong><\/li><li><i class=\"fa fa-caret-right\"><\/i> 5\/29\/20 &#8211; <a href=\"https:\/\/www.citizensutilityboard.org\/wp-content\/uploads\/2020\/05\/20200529_SolarizeChicagoland.pdf\" target=\"_blank\" rel=\"noopener noreferrer\"><strong>Solarize Chicagoland back for second year of solar education, promotion<\/strong><\/a>\u00a0<\/li><li><i class=\"fa fa-caret-right\"><\/i> 4\/28\/20 &#8211; <strong><a href=\"https:\/\/www.citizensutilityboard.org\/wp-content\/uploads\/2020\/04\/20200428_AmerenRateCut.pdf\" target=\"_blank\" rel=\"noopener noreferrer\">CUB Statement on Proposed Ameren Illinois Electric rate decrease<\/a><\/strong> <\/li><li><i class=\"fa fa-caret-right\"><\/i> 4\/24\/20 &#8211; <strong><a href=\"https:\/\/www.citizensutilityboard.org\/wp-content\/uploads\/2020\/05\/20200422_PG-resolution.pdf\" target=\"_blank\" rel=\"noopener noreferrer\">Chicago Resolution Calls Out Reckless Spending by Peoples Gas<\/a><\/strong><\/li><li><i class=\"fa fa-caret-right\"><\/i> 4\/24\/20 &#8211; <strong><a href=\"https:\/\/www.citizensutilityboard.org\/wp-content\/uploads\/2020\/05\/20200424_EVOrdinance.pdf\" target=\"_blank\" rel=\"noopener noreferrer\">New Electric Vehicle Ordinance Makes Chicago National Leader<\/a><\/strong><\/li><li><i class=\"fa fa-caret-right\"><\/i> 4\/16\/20 &#8211; <strong><a href=\"https:\/\/www.citizensutilityboard.org\/wp-content\/uploads\/2020\/04\/20200416_ComEdRateCut.pdf\" target=\"_blank\" rel=\"noopener noreferrer\">CUB statement on proposed ComEd rate decrease<\/a><\/strong><\/li><ul class=\"icon \"><\/ul><li><i class=\"fa fa-caret-right\"><\/i> 4\/13\/20 &#8211; <strong><a href=\"https:\/\/www.citizensutilityboard.org\/wp-content\/uploads\/2020\/04\/20200413_CUBWebinars.pdf\" target=\"_blank\" rel=\"noopener noreferrer\">CUB webinars to share tips on robocalls, cable, electric, solar in IL <\/a><\/strong> <\/li><li><i class=\"fa fa-caret-right\"><\/i> 4\/09\/20 &#8211; <a href=\"https:\/\/www.citizensutilityboard.org\/wp-content\/uploads\/2020\/04\/20200409_TOUPilot.pdf\" target=\"_blank\" rel=\"noopener noreferrer\"><strong>Illinois Regulators OK &#8216;Time Of Use&#8217; Pilot Program <\/strong><\/a><\/li><li><i class=\"fa fa-caret-right\"><\/i> 4\/02\/20 &#8211;<strong>\u00a0<a href=\"https:\/\/www.citizensutilityboard.org\/wp-content\/uploads\/2020\/04\/20200402_CUBCOVID19Response.pdf\" target=\"_blank\" rel=\"noopener noreferrer\">CUB Alerts Illinois Utility Customers to Free Services During Crisis<\/a><\/strong><\/li><li><i class=\"fa fa-caret-right\"><\/i> 3\/18\/20 &#8211;\u00a0<strong><a href=\"https:\/\/www.citizensutilityboard.org\/iccconsumerprotectionmeasures\/\" target=\"_blank\" rel=\"noopener noreferrer\">Statement by CUB Executive Director David Kolata on ICC Consumer Protection Measures Amid COVID-19 Crisis<\/a><\/strong><\/li><li><i class=\"fa fa-caret-right\"><\/i> 3\/16\/20 &#8211;\u00a0<strong><a href=\"https:\/\/www.citizensutilityboard.org\/wp-content\/uploads\/2020\/03\/20200313_COVID19Response.pdf\" target=\"_blank\" rel=\"noopener noreferrer\">Statement by CUB Executive Director David Kolata: How CUB is Serving Illinois Consumers During Public Health Crisis<\/a><\/strong><\/li><li><i class=\"fa fa-caret-right\"><\/i> 3\/11\/20 &#8211;<strong>\u00a0<a href=\"https:\/\/www.citizensutilityboard.org\/wp-content\/uploads\/2020\/04\/20200311_AARPQIPRelease.pdf\" target=\"_blank\" rel=\"noopener noreferrer\">Mayor, City Leaders Call on IL Lawmakers To Reign In Reckless Gas Utility Spending<\/a><\/strong><\/li><ul class=\"icon \"><\/ul><li><i class=\"fa fa-caret-right\"><\/i> 3\/03\/20 &#8211;<strong>\u00a0<a href=\"https:\/\/www.citizensutilityboard.org\/wp-content\/uploads\/2020\/03\/20200303_QIPCampaign.pdf\" target=\"_blank\" rel=\"noopener noreferrer\">Coalition Urges General Assembly to Reign in Reckless Gas Utility Spending, End Abusive Surcharge on Heating Bills <\/a><\/strong><\/li><ul class=\"icon \"><\/ul><li><i class=\"fa fa-caret-right\"><\/i> 3\/02\/20 &#8211;<strong><a href=\"https:\/\/www.citizensutilityboard.org\/amerenratehikemarch2020\/\" target=\"_blank\" rel=\"noopener noreferrer\">Statement by CUB Executive Director David Kolata Alerting Ameren Illinois Customers to Proposed Gas Rate Hike<\/a><\/strong><\/li><li><i class=\"fa fa-caret-right\"><\/i> 2\/11\/20 &#8211; <a href=\"https:\/\/www.citizensutilityboard.org\/electricvvehiclejointstatement\/\" target=\"_blank\" rel=\"noopener noreferrer\"><strong>EEI, Illinois Citizens Utility Board, National Consumer Law Center, NRDC, and Sierra Club Issue Joint Statement Supporting Electric Transportation<\/strong><\/a><\/li><ul class=\"icon \"><\/ul><li><i class=\"fa fa-caret-right\"><\/i> 2\/10\/20 &#8211; <a href=\"https:\/\/www.citizensutilityboard.org\/powersmartpricingstudy\/\" target=\"_blank\" rel=\"noopener noreferrer\"><strong>New CUB Study: Electric Vehicle Drivers Would Enjoy Big Savings with Ameren&#8217;s Power Smart Pricing Program<\/strong><\/a><\/li><ul class=\"icon \"><\/ul><li><i class=\"fa fa-caret-right\"><\/i> 1\/29\/20 &#8211; <a href=\"https:\/\/www.citizensutilityboard.org\/statement-by-david-kolata-on-jb-pritzkers-state-of-the-state-address\/\" target=\"_blank\" rel=\"noopener noreferrer\"><strong>Statement by CUB Executive Director David Kolata on Governor Pritzker&#8217;s State of the State Address<\/strong><\/a><\/li><li><i class=\"fa fa-caret-right\"><\/i> 1\/21\/20 &#8211; <a href=\"https:\/\/www.citizensutilityboard.org\/il-consumers-face-record-increase-in-electricity-bills-unless-legislature-acts\/\" target=\"_blank\" rel=\"noopener noreferrer\"><strong>Illinois Consumers Face Record Increase in Electricity Bills Unless Legislature Blocks New Trump-Backed Fossil-Fuel Bailout<\/strong><\/a><\/li><li><i class=\"fa fa-caret-right\"><\/i> 12\/19\/19 &#8211; <strong><a href=\"https:\/\/www.citizensutilityboard.org\/fercruling\/\" target=\"_blank\" rel=\"noopener noreferrer\">Statement by CUB Executive Director David Kolata on FERC Ruling<\/a><\/strong><\/li><li><i class=\"fa fa-caret-right\"><\/i> 12\/16\/19 &#8211;<strong>\u00a0<a href=\"https:\/\/www.citizensutilityboard.org\/wp-content\/uploads\/2019\/12\/20191216_CellphoneGuide.pdf\" target=\"_blank\" rel=\"noopener noreferrer\">CUB&#8217;s Newest Consumer Guide Tackles Cellphone Bills<\/a><\/strong><\/li><li><i class=\"fa fa-caret-right\"><\/i> 11\/07\/19 &#8211; <a href=\"https:\/\/www.citizensutilityboard.org\/wp-content\/uploads\/2019\/11\/20191107_SolarizeChicagolandResults.pdf\" target=\"_blank\" rel=\"noopener noreferrer\"><strong>Solarize Chicagoland Surpasses Summer Goals, Will Install 135 Solar Arrays<\/strong><\/a><\/li><ul class=\"icon \"><\/ul><li><i class=\"fa fa-caret-right\"><\/i> 10\/18\/19 &#8211; <a href=\"https:\/\/www.citizensutilityboard.org\/comed-nonsummer-price\/\" target=\"_blank\" rel=\"noopener noreferrer\"><strong>CUB Alerts ComEd Customers to Change in Power Price<\/strong><\/a><\/li><li><i class=\"fa fa-caret-right\"><\/i> 10\/18\/19 &#8211; <a href=\"https:\/\/www.citizensutilityboard.org\/amerennonsummerprice\/\" target=\"_blank\" rel=\"noopener noreferrer\"><strong>CUB Alerts Central and Southern Illinois Consumers of Change to Ameren Power Price<\/strong><\/a><\/li><li><i class=\"fa fa-caret-right\"><\/i> 08\/27\/19 &#8211; <a href=\"https:\/\/www.citizensutilityboard.org\/cub-statement-on-gov-pritzker-signing-heat-act\/\"><strong>CUB Statement on Gov. Pritzker Signing HEAT Act<\/strong><\/a><\/li><li><i class=\"fa fa-caret-right\"><\/i> 06\/17\/19 &#8211;<strong>\u00a0<a href=\"https:\/\/www.citizensutilityboard.org\/celebrating-35-years-cub-releases-summer-utility-tips-list\/\">Celebrating 35 Years, CUB Releases Summer Utility Tips List<\/a><\/strong><\/li><li><i class=\"fa fa-caret-right\"><\/i> 06\/04\/19 &#8211; <a href=\"https:\/\/www.citizensutilityboard.org\/cub-warns-consumers-chicago-region-ripe-for-electric-rip-off-this-summer\/\"><strong>CUB Warns Consumers: Chicago Region Ripe for Electric Rip-Offs This Summer<\/strong><\/a><\/li><li><i class=\"fa fa-caret-right\"><\/i> 05\/31\/19 &#8211; <a href=\"https:\/\/www.citizensutilityboard.org\/statement-from-cub-executive-director-david-kolata-on-passage-of-heat-act-consumer-protections-from-rip-offs\/\"><strong>Statement from CUB Executive Director David Kolata on Passage of HEAT Act<\/strong><\/a><\/li><li><i class=\"fa fa-caret-right\"><\/i> 04\/24\/19 &#8211; <a href=\"https:\/\/www.citizensutilityboard.org\/city-official-send-strong-message-to-springfield-peoples-gas-must-be-reined-in\/\"><strong><span style=\"font-size: 12pt;\">City Officials Send Strong Message To Springfield: Peoples Gas Must Be Reined In<\/span><\/strong><\/a><\/li><li><i class=\"fa fa-caret-right\"><\/i> 04\/24\/19 &#8211; <a href=\"https:\/\/www.citizensutilityboard.org\/as-concern-grows-over-soaring-chicago-gas-bills-alderman-consumer-advocates-urge-end-to-reckless-peoples-gas-spending\/\"><strong><span style=\"font-size: 12pt;\">As Concern Grows Over Soaring Chicago Gas Bills, Alderman and Consumer Advocates Urge End to Reckless Peoples Gas Spending<\/span><\/strong><\/a><\/li><li><i class=\"fa fa-caret-right\"><\/i> 04\/04\/19 &#8211;<strong>\u00a0<a href=\"https:\/\/www.citizensutilityboard.org\/cub-testimony-slash-nicor-rate-hike-by-82-5-million\/\">CUB Testimony: Slash Nicor Rate Hike by $82.5 Million<\/a><\/strong><\/li><li><i class=\"fa fa-caret-right\"><\/i> 03\/27\/19 &#8211; <a href=\"https:\/\/www.citizensutilityboard.org\/electric-vehicles-could-lower-power-bills-for-all-illinois-residents-new-study-finds\/\" target=\"_blank\" rel=\"noopener noreferrer\"><strong>Electric Vehicles Could Lower Power Bills for All Illinois Residents, New Study Finds<\/strong><\/a><\/li><li><i class=\"fa fa-caret-right\"><\/i> 03\/18\/19 &#8211; <a href=\"https:\/\/www.citizensutilityboard.org\/rep-connor-citizens-utility-board-urge-support-of-bill-to-require-referendum-before-il-cities-privatize-water\/\"><strong>Rep. Connor, Citizens Utility Board Urge Support of Bill to Require Referendum Before IL Cities Privatize Water Systems<\/strong><\/a><\/li><li><i class=\"fa fa-caret-right\"><\/i> 03\/14\/19 &#8211; <a href=\"https:\/\/www.citizensutilityboard.org\/statement-from-cub-executive-director-david-kolata-on-legislation-to-reform-the-capacity-market\/\"><strong>Statement from CUB Executive Director David Kolata on Legislation to Reform the Capacity Market<\/strong><\/a><\/li><li><i class=\"fa fa-caret-right\"><\/i> 03\/07\/19 &#8211; <a href=\"https:\/\/www.citizensutilityboard.org\/cub-releases-free-guide-to-help-consumers-reduce-data-costs\/\"><strong><span style=\"font-size: 12pt;\">CUB Releases Free Guide to Help Consumers Reduce Data Costs<\/span><\/strong><\/a><\/li><li><i class=\"fa fa-caret-right\"><\/i> 02\/28\/19 &#8211; <a href=\"https:\/\/www.citizensutilityboard.org\/statement-from-cub-executive-director-david-kolata-on-new-legislation-the-clean-energy-jobs-act\/\"><strong><span style=\"font-size: 12pt;\">Statement from CUB Executive Director David Kolata on New Legislation: The Clean Energy Jobs Act<\/span><\/strong><\/a><\/li><li><i class=\"fa fa-caret-right\"><\/i> 02\/04\/19 &#8211; <a href=\"https:\/\/www.citizensutilityboard.org\/cub-releases-its-first-ever-guide-to-combat-robocalls\/\"><strong>CUB Releases Its First-Ever Guide to Combat Robocalls<\/strong><\/a><\/li><li><i class=\"fa fa-caret-right\"><\/i> 12\/11\/18 &#8211; <a href=\"https:\/\/citizensutilityboard.org\/cub-releases-free-online-guide-to-help-illinois-consumers-advocate-for-themselves-against-big-gas-and-electric-companies\/\"><strong>CUB Releases Free Online Guide to Help Illinois Consumers Advocate for Themselves against Big Gas and Electric Companies<\/strong><\/a><\/li><li><i class=\"fa fa-caret-right\"><\/i> 12\/04\/18 &#8211; <a href=\"https:\/\/citizensutilityboard.org\/ev-letter-to-senate\/\"><strong>EV Letter to Senate<\/strong><\/a><\/li><li><i class=\"fa fa-caret-right\"><\/i> 11\/20\/18 &#8211; <a href=\"https:\/\/citizensutilityboard.org\/aarp-cub-to-host-7-free-clinics-to-cut-chicagoans-utility-bills\/\"><strong>AARP, CUB to Host 7 Free Clinics to Cut Chicagoans&#8217; Utility Bills<\/strong><\/a><\/li><li><i class=\"fa fa-caret-right\"><\/i> 11\/20\/18 &#8211; <a href=\"https:\/\/citizensutilityboard.org\/new-electricity-pricing-option-to-save-illinoisans-money-cut-pollution\/\"><strong>New Electricity Pricing Option to Save Illinoisans Money, Cut Pollution<\/strong><\/a><\/li><li><i class=\"fa fa-caret-right\"><\/i> 11\/14\/18 &#8211; <a href=\"https:\/\/citizensutilityboard.org\/cub-statement-on-proposed-nicor-gas-rate-hike\/\"><strong>CUB Statement on Proposed Nicor Gas Rate Hike<\/strong><\/a><\/li><li><i class=\"fa fa-caret-right\"><\/i> 10\/09\/18 &#8211; <a href=\"https:\/\/citizensutilityboard.org\/cub-calls-on-att-to-reinstate-discount-for-low-income-customers\/\"><strong>CUB Calls on AT&amp;T to Reinstate Discount for Low-Income Customers<\/strong><\/a><\/li><li><i class=\"fa fa-caret-right\"><\/i> 08\/28\/18 &#8211;<strong>\u00a0<a href=\"https:\/\/citizensutilityboard.org\/cub-issues-consumer-alert-on-green-plans-marketed-by-alternative-suppliers\/\" rel=\"noopener\">CUB Issues Consumer Alert on Green Plans Marketed by Alternative Suppliers<\/a><\/strong><\/li><li><i class=\"fa fa-caret-right\"><\/i> 08\/13\/18 &#8211;<strong>\u00a0<a href=\"https:\/\/citizensutilityboard.org\/cub-reaction-to-gov-rauners-signing-of-hb-4508-bad-water-bill\/\">CUB Reaction to Gov. Rauner&#8217;s Signing of HB 4508, Bad Water Bill<\/a><\/strong><\/li><li><i class=\"fa fa-caret-right\"><\/i> 07\/31\/18 &#8211;<strong>\u00a0<a href=\"https:\/\/citizensutilityboard.org\/cub-warning-beware-of-electric-rip-offs\/\">CUB Warning: Beware of Electric Rip-Offs<\/a><\/strong><\/li><li><i class=\"fa fa-caret-right\"><\/i> 06\/25\/18 &#8211;<strong>\u00a0<a href=\"https:\/\/citizensutilityboard.org\/cub-suburban-leaders-urge-gov-rauner-to-veto-bad-water-bill-say-hb-4508-gives-il-american-too-much-power-to-impose-rate-hikes\/\">CUB, Suburban Leaders Urge Gov. Rauner to Veto Bad Water Bill, Say HB 4508 Gives IL American Too Much Power to Impose Rate Hikes<\/a><\/strong><\/li><li><i class=\"fa fa-caret-right\"><\/i> 05\/29\/18 &#8211; <span class=\"removed_link\" title=\"https:\/\/www.citizensutilityboard.org\/?page_id=13356\"><strong>CUB Alerts Central, Southern Illinois Consumers about June Decrease in Ameren Illinois&#8217; Power Price<\/strong><\/span><\/li><li><i class=\"fa fa-caret-right\"><\/i> 05\/25\/18 &#8211; <span class=\"removed_link\" title=\"https:\/\/www.citizensutilityboard.org\/?page_id=13317\"><strong>CUB Reminds ComEd Customers of Summer Power Prices<\/strong><\/span><\/li><ul class=\"icon \"><\/ul><li><i class=\"fa fa-caret-right\"><\/i> 04\/16\/18 &#8211; <a href=\"https:\/\/citizensutilityboard.org\/statement-comed-rate-cut\/\" target=\"_blank\" rel=\"noopener noreferrer\"><strong>Statement by CUB Executive Director David Kolata on ComEd Rate Cut<\/strong><\/a><\/li><ul class=\"icon \"><\/ul><li><i class=\"fa fa-caret-right\"><\/i> 04\/03\/18 &#8211; <a href=\"https:\/\/citizensutilityboard.org\/wp-content\/uploads\/2018\/04\/20180403_SupplierLegislation.pdf\" target=\"_blank\" rel=\"noopener noreferrer\"><strong>In Wake of Historic Consumer Losses in Illinois, Watchdogs Call for Major Market Reforms to Fight Electric\/Gas Rip-offs<\/strong><\/a><\/li><ul class=\"icon \"><\/ul><li><i class=\"fa fa-caret-right\"><\/i> 02\/21\/18 &#8211; <a href=\"https:\/\/citizensutilityboard.org\/statement-peoples-gas-refund\/\" target=\"_blank\" rel=\"noopener noreferrer\"><strong>Statement by CUB Executive Director David Kolata on Refund for Peoples Gas Customers<\/strong><\/a><\/li><li><i class=\"fa fa-caret-right\"><\/i> 02\/16\/18 &#8211; <a href=\"https:\/\/citizensutilityboard.org\/statement-ameren-gas-rate-hike\/\" target=\"_blank\" rel=\"noopener noreferrer\"><strong>Statement by CUB Executive Director David Kolata Alerting Ameren Illinois Customers to Proposed Gas Rate Hike<\/strong><\/a><\/li><ul class=\"icon \"><\/ul><li><i class=\"fa fa-caret-right\"><\/i> 02\/01\/18 &#8211; <a href=\"https:\/\/wp.me\/P86d9Y-359\" target=\"_blank\" rel=\"noopener noreferrer\"><strong>CUB Statement on Nicor Gas Rate Hike<\/strong><\/a><\/li><ul class=\"icon \"><\/ul><li><i class=\"fa fa-caret-right\"><\/i> 11\/14\/17 &#8211; <strong><a href=\"https:\/\/citizensutilityboard.org\/realtimepricingnewsrelease-2\/\" target=\"_blank\" rel=\"noopener noreferrer\">New Smart Meter Data Shows Potential of Real-Time Pricing to Lower Electric Bills<\/a><\/strong><\/li><ul class=\"icon \"><\/ul><li><i class=\"fa fa-caret-right\"><\/i> 10\/10\/17 &#8211;<strong>\u00a0<a href=\"https:\/\/citizensutilityboard.org\/statement-cub-executive-director-david-kolata-clean-power-plan-roll-back\/\" target=\"_blank\" rel=\"noopener noreferrer\">Statement By CUB Executive Director David Kolata On Clean Power Plan Roll Back<\/a><\/strong><\/li><ul class=\"icon \"><\/ul><li><i class=\"fa fa-caret-right\"><\/i> 9\/12\/17 &#8211;<strong>\u00a0<a href=\"https:\/\/citizensutilityboard.org\/statement-cub-executive-director-david-kolata-new-consumer-protections-il-electric-customers\/\" target=\"_blank\" rel=\"noopener noreferrer\">Statement By CUB Executive Director David Kolata On New Consumer Protections For IL Electric Customers<\/a><\/strong><\/li><ul class=\"icon \"><\/ul><li><i class=\"fa fa-caret-right\"><\/i> 7\/21\/17 &#8211;<strong>\u00a0<a href=\"https:\/\/citizensutilityboard.org\/new-state-report-shows-need-consumer-protections-northern-il-residents-alternative-suppliers-lost-340-m-last-3-years\/\" target=\"_blank\" rel=\"noopener noreferrer\">New State Report Shows Need For Consumer Protections: Northern IL Residents With Alternative Suppliers Have Lost $340 M Over Last 3 Years<\/a><\/strong><\/li><ul class=\"icon \"><\/ul><li><i class=\"fa fa-caret-right\"><\/i> 7\/01\/17 &#8211; <a href=\"https:\/\/wp.me\/P86d9Y-2FZ\" target=\"_blank\" rel=\"noopener noreferrer\"><strong>Statement By CUB Executive Director David Kolata On AT&amp;T Legislation<\/strong><\/a><\/li><ul class=\"icon \"><\/ul><li><i class=\"fa fa-caret-right\"><\/i> 6\/30\/17 &#8211;<strong>\u00a0<a href=\"https:\/\/citizensutilityboard.org\/statement-cub-executive-director-david-kolata-veto-sb-1839\/\" target=\"_blank\" rel=\"noopener noreferrer\">Statement By CUB Executive Director David Kolata On Veto Of SB 1839<\/a><\/strong><\/li><ul class=\"icon \"><\/ul><li><i class=\"fa fa-caret-right\"><\/i> 6\/30\/17 &#8211;<strong>\u00a0<a href=\"https:\/\/citizensutilityboard.org\/cub-fights-41-cut-nicor-gas-rate\/\" target=\"_blank\" rel=\"noopener noreferrer\">CUB Fights for 41% Cut in Nicor Gas Rate<\/a><\/strong><\/li><ul class=\"icon \"><\/ul><li><i class=\"fa fa-caret-right\"><\/i> 6\/15\/17 &#8211;<strong>\u00a0<a href=\"https:\/\/citizensutilityboard.org\/cub-alerts-central-southern-illinois-consumers-summer-power-prices\/\" target=\"_blank\" rel=\"noopener noreferrer\">CUB Alerts Central, Southern Illinois Consumers About Summer Power Prices<\/a><\/strong><\/li><ul class=\"icon \"><\/ul><li><i class=\"fa fa-caret-right\"><\/i> 6\/6\/17 &#8211;<strong>\u00a0<a href=\"https:\/\/citizensutilityboard.org\/cub-alerts-comed-customers-summer-power-prices\/\" target=\"_blank\" rel=\"noopener noreferrer\">CUB Alerts ComEd Customers About Summer Power Prices<\/a><\/strong><\/li><ul class=\"icon \"><\/ul><li><i class=\"fa fa-caret-right\"><\/i> 6\/5\/17 &#8211;<strong>\u00a0<a href=\"https:\/\/citizensutilityboard.org\/statement-cub-executive-director-david-kolata-icc-passage-new-consumer-protections-electric-customers-2\/\" target=\"_blank\" rel=\"noopener noreferrer\">Statement By CUB Executive Director David Kolata On ICC Passage Of New Consumer Protections For Electric Customers<\/a><\/strong><\/li><ul class=\"icon \"><\/ul><li><i class=\"fa fa-caret-right\"><\/i> 6\/1\/17 &#8211; <a href=\"https:\/\/citizensutilityboard.org\/cub-statement-att-deregulation-legislation\/\" target=\"_blank\" rel=\"noopener noreferrer\"><strong>CUB Statement on AT&amp;T Deregulation Legislation<\/strong><\/a><\/li><ul class=\"icon \"><\/ul><li><i class=\"fa fa-caret-right\"><\/i> 5\/25\/17 &#8211;<strong>\u00a0<a href=\"https:\/\/citizensutilityboard.org\/top-watchdog-urges-illinois-house-fix-att-legislatioin\/\" target=\"_blank\" rel=\"noopener noreferrer\">Top Watchdog Urges Illinois House to Fix AT&amp;T Legislation<\/a><\/strong><\/li><ul class=\"icon \"><\/ul><li><i class=\"fa fa-caret-right\"><\/i> 4\/27\/17 &#8211;<strong>\u00a0<a href=\"https:\/\/citizensutilityboard.org\/cub-marks-earth-month-first-ever-electric-vehicle-report\/\" target=\"_blank\" rel=\"noopener noreferrer\">CUB Marks Earth Month With First-ever Electric Vehicle Report<\/a><\/strong><\/li><ul class=\"icon \"><\/ul><li><i class=\"fa fa-caret-right\"><\/i> 4\/19\/17 &#8211; <a href=\"https:\/\/citizensutilityboard.org\/watchdogs-warn-legislation-strip-atts-vulnerable-customers-affordable-reliable-phone-service\/\" target=\"_blank\" rel=\"noopener noreferrer\"><strong>Watchdogs Warn Legislation Could Strip AT&amp;T\u2019s Most Vulnerable Customers of Affordable, Reliable Phone Service<\/strong><\/a><\/li><ul class=\"icon \"><\/ul><li><i class=\"fa fa-caret-right\"><\/i> 4\/14\/17 &#8211;<strong>\u00a0<a href=\"https:\/\/citizensutilityboard.org\/statement-cub-executive-director-david-kolata-comed-rate-hike\/\" target=\"_blank\" rel=\"noopener noreferrer\">Statement by CUB Executive Director David Kolata on ComEd Rate Hike<\/a><\/strong><\/li><ul class=\"icon \"><\/ul><li><i class=\"fa fa-caret-right\"><\/i> 3\/24\/17 &#8211;<strong>\u00a0<a href=\"https:\/\/citizensutilityboard.org\/illinois-kicks-off-ambitious-utility-future-process\/\" target=\"_blank\" rel=\"noopener noreferrer\">Illinois Kicks Off Ambitious Utility of the Future Process<\/a><\/strong><\/li><ul class=\"icon \"><\/ul><li><i class=\"fa fa-caret-right\"><\/i> 3\/23\/17 &#8211; <strong><a href=\"https:\/\/citizensutilityboard.org\/statement-cub-executive-director-david-kolata-17-million-comed-rate-cut\/\" target=\"_blank\" rel=\"noopener noreferrer\">Statement by CUB Executive Director David Kolata On $17 Million ComEd Rate Cut<\/a><\/strong><\/li><ul class=\"icon \"><\/ul><li><i class=\"fa fa-caret-right\"><\/i> 3\/13\/17 &#8211;<strong>\u00a0<a href=\"https:\/\/citizensutilityboard.org\/cub-statement-proposed-nicor-gas-rate-hike\/\" target=\"_blank\" rel=\"noopener noreferrer\">CUB Statement on Proposed Nicor Gas Rate Hike<\/a><\/strong><\/li><ul class=\"icon \"><\/ul><li><i class=\"fa fa-caret-right\"><\/i> 3\/1\/17 &#8211;<strong>\u00a0<a href=\"https:\/\/citizensutilityboard.org\/?page_id=8688\" target=\"_blank\" rel=\"noopener noreferrer\">Statement By CUB Executive Director David Kolata On ICC&#8217;s Vote To Continue Investigation Of Peoples Gas Pipe Program<\/a><\/strong><\/li><ul class=\"icon \"><\/ul><li><i class=\"fa fa-caret-right\"><\/i> 2\/24\/17 &#8211; <a href=\"https:\/\/citizensutilityboard.org\/?page_id=8613\" target=\"_blank\" rel=\"noopener noreferrer\"><strong>Peak Time Rewards Program Has March 1 Sign-up Deadline, CUB Endorses Ameren Illinois Program As &#8216;Good For Our Power Bills&#8217;<\/strong><\/a><\/li><ul class=\"icon \"><\/ul><li><i class=\"fa fa-caret-right\"><\/i> 2\/17\/17 &#8211;<strong>\u00a0<a href=\"https:\/\/citizensutilityboard.org\/?page_id=8442\" target=\"_blank\" rel=\"noopener noreferrer\">New Illinois Data-Sharing Program to Spur Clean Energy Solutions, Cost Savings<\/a><\/strong><\/li><ul class=\"icon \"><\/ul><li><i class=\"fa fa-caret-right\"><\/i> 2\/16\/17 &#8211;<strong>\u00a0<a href=\"https:\/\/citizensutilityboard.org\/?page_id=8400\" target=\"_blank\" rel=\"noopener noreferrer\">CUB To Northwest Suburbs: Beware Of Bad Electric Deals<\/a><\/strong><\/li><ul class=\"icon \"><\/ul><li><i class=\"fa fa-caret-right\"><\/i> 2\/9\/17 &#8211;<strong>\u00a0<a href=\"https:\/\/www.citizensutilityboard.org\/cub-launches-online-center-help-chicago-area-consumers-avoid-rip-offs-unregulated-natural-gas-suppliers\/\" target=\"_blank\" rel=\"noopener noreferrer\">CUB Launches Online Center To Help Chicago-Area Consumers Avoid Rip-Offs From Unregulated Natural Gas Suppliers<\/a><\/strong><\/li><ul class=\"icon \"><\/ul><li><i class=\"fa fa-caret-right\"><\/i> 2\/3\/17 &#8211;<strong>\u00a0<a href=\"https:\/\/www.citizensutilityboard.org\/statement-cub-executive-director-david-kolata-ferc-victory\/\" target=\"_blank\" rel=\"noopener noreferrer\">Statement By CUB Executive Director David Kolata: FERC Victory Good News for Central, Southern IL<\/a><\/strong><\/li><ul class=\"icon \"><\/ul><li><i class=\"fa fa-caret-right\"><\/i> 1\/25\/17- <strong><a href=\"https:\/\/citizensutilityboard.org\/?page_id=7640\" target=\"_blank\" rel=\"noopener noreferrer\">CUB Statement on Illinois American Rate Case Decision<\/a><\/strong><\/li><li><i class=\"fa fa-caret-right\"><\/i> 1\/25\/17 &#8211; <a href=\"https:\/\/citizensutilityboard.org\/?page_id=7984\" target=\"_blank\" rel=\"noopener noreferrer\"><strong>Statement By CUB Executive Director David Kolata: Proposed Order In Ameren Case A Step Forward For Energy Efficiency<\/strong><\/a><\/li><ul class=\"icon \"><\/ul><li><i class=\"fa fa-caret-right\"><\/i> 12\/13\/16 &#8211;<strong>\u00a0<a href=\"https:\/\/citizensutilityboard.org\/?page_id=7528\" target=\"_blank\" rel=\"noopener noreferrer\">CUB Offers First-Ever Guide to Help Pay-TV Customers Save Money, as IL Polls Show Strong Backing for Industry Reforms, Cheaper TV Options<\/a><\/strong><\/li><ul class=\"icon \"><\/ul><li><i class=\"fa fa-caret-right\"><\/i> 12\/6\/16 &#8211;<strong>\u00a0<a href=\"https:\/\/citizensutilityboard.org\/?page_id=7633\" target=\"_blank\" rel=\"noopener noreferrer\">CUB Statement on ComEd Rate Cases<\/a><\/strong><\/li><ul class=\"icon \"><\/ul><li><i class=\"fa fa-caret-right\"><\/i> 12\/6\/16 &#8211; <a href=\"https:\/\/citizensutilityboard.org\/?page_id=7638\" target=\"_blank\" rel=\"noopener noreferrer\"><strong>CUB Statement on Ameren Rate Case Decision<\/strong><\/a><\/li><li><i class=\"fa fa-caret-right\"><\/i> 9\/27\/16 &#8211; <a href=\"https:\/\/www.citizensutilityboard.org\/statement-cub-executive-director-david-kolata-icc-passage-new-consumer-protections-electric-customers\/\" target=\"_blank\" rel=\"noopener noreferrer\"><strong>Statement From CUB Executive Director David Kolata On ICC Passage of New Consumer Protections for Electric\u00a0Customers<\/strong><\/a><\/li><li><i class=\"fa fa-caret-right\"><\/i> 9\/12\/16 &#8211; <a href=\"https:\/\/www.citizensutilityboard.org\/cub-alerts-morton-grove-residents-2nd-comed-rate-option\/\" target=\"_blank\" rel=\"noopener noreferrer\"><strong>CUB alerts Morton Grove Residents of 2nd ComEd Rate Option<\/strong><\/a><\/li><li><i class=\"fa fa-caret-right\"><\/i> 8\/22\/16 &#8211; <a href=\"https:\/\/www.citizensutilityboard.org\/20160823_peaktimerewards\/\" target=\"_blank\" rel=\"noopener noreferrer\"><strong>Statement From CUB Executive Director David Kolata On Successful Launch of Ameren Illinois Peak Time Rewards\u00a0Program<\/strong><\/a><\/li><li><i class=\"fa fa-caret-right\"><\/i> 8\/18\/16 &#8211; <a href=\"https:\/\/www.citizensutilityboard.org\/att-offers-10month-high-speed-internet-low-income-families\/\" target=\"_blank\" rel=\"noopener noreferrer\"><strong>AT&amp;T offers $10\/month for high-speed Internet for low-income families<\/strong><\/a><\/li><li><i class=\"fa fa-caret-right\"><\/i> 8\/12\/16 &#8211; <a href=\"https:\/\/www.citizensutilityboard.org\/20160812_amerenratecut\/\" target=\"_blank\" rel=\"noopener noreferrer\"><strong>CUB: Proposed Ameren Illinois Rate Cut Should Be\u00a0Double<\/strong><\/a><\/li><li><i class=\"fa fa-caret-right\"><\/i> 6\/20\/16 &#8211; <a href=\"https:\/\/www.citizensutilityboard.org\/20160721_heatwarning\/\" target=\"_blank\" rel=\"noopener noreferrer\"><strong>CUB Urges Chicago Residents To Stay Safe, Cool During Dangerous\u00a0Heat<\/strong><\/a><\/li><li><i class=\"fa fa-caret-right\"><\/i> 6\/14\/16 &#8211; <a href=\"https:\/\/www.citizensutilityboard.org\/20160614_aurorasmartpowercenter\/\" target=\"_blank\" rel=\"noopener noreferrer\"><strong>Aurora On Schedule to Get New\u00a0Meters<\/strong><\/a><\/li><li><i class=\"fa fa-caret-right\"><\/i> 6\/2\/16 &#8211; <a href=\"https:\/\/www.citizensutilityboard.org\/20160602_exelonbillstatement\/\" target=\"_blank\" rel=\"noopener noreferrer\"><strong>Statement by CUB Executive Director David Kolata On Exelon Announcement Regarding Illinois Nuclear\u00a0Plants<\/strong><\/a><\/li><li><i class=\"fa fa-caret-right\"><\/i> 6\/1\/16 &#8211; <a href=\"https:\/\/www.citizensutilityboard.org\/20150601_amerensummerpowerprices\/\" target=\"_blank\" rel=\"noopener noreferrer\"><strong>CUB Alerts Central, Southern IL Consumers About June 1 Power\u00a0Prices<\/strong><\/a><\/li><li><i class=\"fa fa-caret-right\"><\/i> 6\/1\/16 &#8211; <a href=\"https:\/\/www.citizensutilityboard.org\/20150601_comedsummerpowerprices\/\" target=\"_blank\" rel=\"noopener noreferrer\"><strong>CUB Alerts ComEd Customers About Lower Power\u00a0Prices<\/strong><\/a><\/li><li><i class=\"fa fa-caret-right\"><\/i> 5\/25\/16 &#8211; <a href=\"https:\/\/www.citizensutilityboard.org\/statement-cub-executive-director-david-kolata-icc-approval-10-million-refund-peoples-gas-customers\/\" target=\"_blank\" rel=\"noopener noreferrer\"><strong>Statement by CUB Executive Director David Kolata on ICC Approval of $10 Million Refund for Peoples Gas\u00a0Customers<\/strong><\/a><\/li><li><i class=\"fa fa-caret-right\"><\/i> 5\/23\/16 &#8211; <a href=\"https:\/\/www.citizensutilityboard.org\/20160523_ilamericanratehike\/\" target=\"_blank\" rel=\"noopener noreferrer\"><strong>CUB: Expert Testimony Shows Water Rate-hike Request Should Be\u00a0Slashed<\/strong><\/a><\/li><li><i class=\"fa fa-caret-right\"><\/i> 5\/10\/16 &#8211; <a href=\"https:\/\/www.citizensutilityboard.org\/20160510_peoplesgasstatement\/\" target=\"_blank\" rel=\"noopener noreferrer\"><strong>Statement by CUB Executive Director David Kolata on $10 Million Refund for Peoples Gas\u00a0Customers<\/strong><\/a><\/li><li><i class=\"fa fa-caret-right\"><\/i> 5\/5\/16 &#8211; <a href=\"https:\/\/www.citizensutilityboard.org\/statement-cub-executive-director-david-kolata-exeloncomed-legislation\/\" target=\"_blank\" rel=\"noopener noreferrer\"><strong>Statement by CUB Executive Director David Kolata on Exelon\/ComEd\u00a0Legislation<\/strong><\/a><\/li><li><i class=\"fa fa-caret-right\"><\/i> 5\/5\/16 &#8211; <a href=\"https:\/\/www.citizensutilityboard.org\/consumer-victory-complaint-ag-madigan-cub-results-settlement-end-unregulated-nicor-affiliates-using-utility-name-logo\/\" target=\"_blank\" rel=\"noopener noreferrer\"><strong>Consumer Victory: Complaint by AG Madigan, CUB Results in Settlement That Would End Unregulated Nicor Affiliates From Using Utility Name\/\u00a0Logo<\/strong><\/a><\/li><li><i class=\"fa fa-caret-right\"><\/i> 4\/20\/16 &#8211; <a href=\"https:\/\/www.citizensutilityboard.org\/20160420_amerenbills\/\" target=\"_blank\" rel=\"noopener noreferrer\"><strong>CUB Statement on Two Developments Concerning Ameren Electric\u00a0Bills<\/strong><\/a><\/li><li><i class=\"fa fa-caret-right\"><\/i> 4\/13\/16 &#8211; <a href=\"https:\/\/www.citizensutilityboard.org\/20160413_comedratehike\/\" target=\"_blank\" rel=\"noopener noreferrer\"><strong>Statement by CUB Executive Director David Kolata on ComEd Rate Hike<\/strong><\/a><\/li><li><i class=\"fa fa-caret-right\"><\/i> 3\/29\/16 &#8211; <a href=\"https:\/\/www.citizensutilityboard.org\/20160329_smartdatastatement\/\" target=\"_blank\" rel=\"noopener noreferrer\"><strong>Statement By Citizens Utility Board (CUB) Executive Director David Kolata On ICC Ruling To Help IL Consumers Gain Easy Access to New Money-Saving\u00a0Tech<\/strong><\/a><\/li><li><i class=\"fa fa-caret-right\"><\/i> 3\/21\/16 &#8211; <a href=\"https:\/\/www.citizensutilityboard.org\/20160321_ghgmetric-pdf\/\" target=\"_blank\" rel=\"noopener noreferrer\"><strong>ComEd to Launch Unprecedented Environmental Measurement Tool<\/strong><\/a><\/li><li><i class=\"fa fa-caret-right\"><\/i> 2\/26\/16 &#8211; <a href=\"https:\/\/www.citizensutilityboard.org\/20160226_rockfordgaswarning\/\" target=\"_blank\" rel=\"noopener noreferrer\"><strong>Citizens Utility Board Warns Nicor Gas Customers in Rockford; Shopping in the Gas Market is a Gamble<\/strong><\/a><\/li><li><i class=\"fa fa-caret-right\"><\/i> 2\/24\/16 &#8211; <a href=\"https:\/\/www.citizensutilityboard.org\/20160224_nicorratecut\/\" target=\"_blank\" rel=\"noopener noreferrer\"><strong>Attorney General, CUB Push for Nicor Gas Rate Cut of Up to $52 Million, as a Condition of Southern Acquisition<\/strong><\/a><\/li><li><i class=\"fa fa-caret-right\"><\/i> 2\/5\/16 &#8211; <a href=\"https:\/\/www.citizensutilityboard.org\/20160205_peoplesgasstatement\/\" target=\"_blank\" rel=\"noopener noreferrer\"><strong>Statement By Citizens Utility Board (CUB) Executive Director David Kolata On Document Showing Peoples Gas Misled ICC Or Withheld Key Information From\u00a0Agency<\/strong><\/a><\/li><li><i class=\"fa fa-caret-right\"><\/i> 1\/25\/16 &#8211; <a href=\"https:\/\/www.citizensutilityboard.org\/statement-cub-executive-director-david-kolata-todays-supreme-court-victory-electric-customers\/\" target=\"_blank\" rel=\"noopener noreferrer\"><strong>Statement By CUB Executive Director David Kolata On Today&#8217;s Supreme Court Victory For Electric\u00a0Customers<\/strong><\/a><\/li><li><i class=\"fa fa-caret-right\"><\/i> 1\/18\/16 &#8211; <a href=\"https:\/\/www.citizensutilityboard.org\/cub-petition-drive-urges-ferc-order-refunds-central-southern-il\/\" target=\"_blank\" rel=\"noopener noreferrer\"><strong>CUB petition drive urges FERC to order refunds for Central, Southern\u00a0IL<\/strong><\/a><\/li><li><i class=\"fa fa-caret-right\"><\/i> 1\/5\/16 &#8211; <a href=\"https:\/\/www.citizensutilityboard.org\/20160105_fercprobestatement\/\" target=\"_blank\" rel=\"noopener noreferrer\"><strong>Statement By CUB Executive Director David Kolata On Victory In FERC Complaint About Power Price Spike In Central, Southern\u00a0Illinois<\/strong><\/a><\/li><\/ul>[\/vc_column_text][\/vc_column][vc_column width=&#8221;1\/6&#8243;][\/vc_column][\/vc_row][vc_row][vc_column][vc_separator color=&#8221;custom&#8221; css=&#8221;.vc_custom_1475699797969{background-color: #0f4b91 !important;}&#8221;][\/vc_column][\/vc_row][vc_row][vc_column][vc_custom_heading text=&#8221;CUB in the News&#8221; font_container=&#8221;tag:h2|font_size:24|text_align:left&#8221; use_theme_fonts=&#8221;yes&#8221;][\/vc_column][\/vc_row][vc_row][vc_column][vc_column_text]<ul class=\"icon \"><li><i class=\"fa fa-caret-right\"><\/i> 01\/06\/21 &#8211;\u00a0<a href=\"https:\/\/www.citizensutilityboard.org\/state-watchdog-sues-comed-in-federal-court-over-alleged-scheme\/\"><strong>State watchdog sues ComEd in federal court<\/strong><\/a><\/li><ul class=\"icon \"><\/ul><li><i class=\"fa fa-caret-right\"><\/i> 01\/06\/21 &#8211; <a href=\"https:\/\/www.citizensutilityboard.org\/citizens-utility-board-files-complaint-against-comed-over-bribery-allegations\/?highlight=chicago%20sun-times\"><strong>Citizens Utility Board files complaint against ComEd over bribery allegations<\/strong><\/a><\/li><ul class=\"icon \"><\/ul><li><i class=\"fa fa-caret-right\"><\/i> 11\/17\/20 &#8211; <strong><a href=\"https:\/\/www.citizensutilityboard.org\/comed-cuts-off-1in25-homes-in-black-southside-neighborhoods\/\" rel=\"noopener noreferrer\">ComEd cuts off 1 in 25 households in Black South Side neighborhoods<\/a><\/strong><\/li><li><i class=\"fa fa-caret-right\"><\/i> 11\/09\/20 &#8211; <a href=\"https:\/\/www.citizensutilityboard.org\/heating-bills-set-to-rise-next-year-in-northern-suburbs\/\"><strong>Heating bills set to rise next year in northern suburbs <\/strong><\/a><\/li><ul class=\"icon \"><\/ul><li><i class=\"fa fa-caret-right\"><\/i> 10\/16\/20 &#8211; <strong><a href=\"https:\/\/www.citizensutilityboard.org\/power-suppliers-could-soon-be-knocking-on-your-door-again-heres-why\/\">Power suppliers could soon be knocking on your door again. Here&#8217;s why.<\/a>\u00a0<\/strong><\/li><li><i class=\"fa fa-caret-right\"><\/i> 06\/03\/20 &#8211; <a href=\"https:\/\/www.citizensutilityboard.org\/peoples-blows-away-record-with-first-quarter-profit-growth\/\"><strong>Peoples blows away record with first-quarter profit growth<\/strong><\/a><\/li><li><i class=\"fa fa-caret-right\"><\/i> 04\/01\/20 &#8211; <a href=\"https:\/\/www.citizensutilityboard.org\/peoples-gas-shatters-record\/\" target=\"_blank\" rel=\"noopener noreferrer\"><strong>Peoples Gas shatters earnings record it set the year before<\/strong><\/a> <\/li><li><i class=\"fa fa-caret-right\"><\/i> 02\/28\/20 &#8211;<strong>\u00a0<a href=\"https:\/\/www.citizensutilityboard.org\/nicor-formula-rate-hikes\/\" target=\"_blank\" rel=\"noopener noreferrer\">Look who wants in on ComEd&#8217;s rate-setting mojo<\/a><\/strong><\/li><li><i class=\"fa fa-caret-right\"><\/i> 01\/30\/20 &#8211; <a href=\"https:\/\/www.citizensutilityboard.org\/facebook-agrees-to-pay-550-million-to-illinois-users\/\" target=\"_blank\" rel=\"noopener noreferrer\"><strong>Facebook agrees to pay $550 million to Illinois users<\/strong><\/a><\/li><li><i class=\"fa fa-caret-right\"><\/i> 09\/16\/19 &#8211; <a href=\"https:\/\/www.citizensutilityboard.org\/report-energy-efficiency-leads-ill-job-growth-outpaces-nationwide-growth\/\"><strong>Report: Energy Efficiency leads Ill. job growth, outpaces nationwide growth<\/strong><\/a><\/li><li><i class=\"fa fa-caret-right\"><\/i> 08\/14\/2019 &#8211; <a href=\"https:\/\/www.citizensutilityboard.org\/a-utility-scorned-nicor-erupts-over-proposed-lowball-rate-hike\/\"><strong>A utility scorned? Nicor erupts over proposed &#8216;lowball&#8217; rate hike<\/strong><\/a><\/li><li><i class=\"fa fa-caret-right\"><\/i> 05\/28\/2019 &#8211;<strong>\u00a0<a href=\"https:\/\/www.citizensutilityboard.org\/state-crackdown-on-energy-suppliers-on-verge-of-becoming-law\/\">State crackdown on energy suppliers on verge of becoming law<\/a><\/strong><\/li><li><i class=\"fa fa-caret-right\"><\/i> 05\/21\/2019 &#8211;<strong>\u00a0<a href=\"https:\/\/www.citizensutilityboard.org\/chicagoans-paid-a-67-percent-premium-for-heat-last-winter\/\">Chicagoans paid a 67 percent premium for heat last winter<\/a><\/strong><\/li><li><i class=\"fa fa-caret-right\"><\/i> 05\/10\/2019 &#8211; <a href=\"https:\/\/www.citizensutilityboard.org\/proposed-1000-illinois-electric-vehicle-registration-fee-called-unfair-by-ev-owners-and-manufacturers\/\"><strong>Proposed $1,000 Illinois electric vehicle fee called unfair by EV owners and manufacturers<\/strong><\/a><\/li><li><i class=\"fa fa-caret-right\"><\/i> 05\/01\/2019 &#8211; <a href=\"https:\/\/www.citizensutilityboard.org\/nicor-trims-record-setting-rate-hike-request\/\"><strong>Nicor trims record-setting rate hike request<\/strong><\/a><\/li><li><i class=\"fa fa-caret-right\"><\/i> 04\/26\/2019 &#8211;<strong>\u00a0<a href=\"https:\/\/www.citizensutilityboard.org\/editorial-going-green-in-illinois-doesnt-have-to-hit-us-hard-in-the-wallet\/\">Editorial: Going green in Illinois doesn&#8217;t have to hit us hard in the wallet<\/a><\/strong><\/li><li><i class=\"fa fa-caret-right\"><\/i> 04\/05\/2019 &#8211;<strong>\u00a0<a href=\"https:\/\/www.citizensutilityboard.org\/peoples-gas-spending-inflates-parents-profit\/\">Peoples Gas spending inflates parent&#8217;s profit<\/a><\/strong><\/li><li><i class=\"fa fa-caret-right\"><\/i> 02\/27\/2019 &#8211;<strong>\u00a0<a href=\"https:\/\/www.citizensutilityboard.org\/peoples-gas-blows-the-pipeline-replacement-budget-again\/\">Peoples Gas blows the pipeline-replacement budget again<\/a><\/strong><\/li><li><i class=\"fa fa-caret-right\"><\/i> 01\/04\/2019 &#8211; <a href=\"https:\/\/citizensutilityboard.org\/peoples-gas-parents-illinois-spending-plans-surpass-3-billion\/\"><strong>Peoples Gas parent&#8217;s Illinois spending plans surpass $3 billion <\/strong><\/a><\/li><li><i class=\"fa fa-caret-right\"><\/i> 11\/30\/18 &#8211; <a href=\"https:\/\/citizensutilityboard.org\/1-in-10-chicago-households-threatened-with-gas-cutoffs-this-year\/\"><strong>1 in 10 Chicago households threatened with gas cutoffs this year<\/strong><\/a><\/li><li><i class=\"fa fa-caret-right\"><\/i> 11\/21\/18 &#8211; <a href=\"https:\/\/citizensutilityboard.org\/chicago-households-could-pay-much-more-for-heat-this-winter\/\"><strong>Chicago households could pay much more for heat this winter<\/strong><\/a><\/li><li><i class=\"fa fa-caret-right\"><\/i> 11\/15\/18 &#8211; <a href=\"https:\/\/citizensutilityboard.org\/controversial-law-easing-privatization-of-water-systems-hits-a-snag\/\"><strong>Controversial law easing privatization of water hits a snag<\/strong><\/a><\/li><li><i class=\"fa fa-caret-right\"><\/i> 11\/01\/18 &#8211; <a href=\"https:\/\/citizensutilityboard.org\/peoples-gas-suddenly-is-extraordinarily-generous-with-campaign-contributions\/\"><strong>Peoples Gas suddenly is extraordinarily generous with campaign contributions<\/strong><\/a><\/li><li><i class=\"fa fa-caret-right\"><\/i> 10\/26\/18 &#8211; <a href=\"https:\/\/citizensutilityboard.org\/get-ready-to-rumble-again-over-nukes-and-coal-illinois\/\"><strong>Get ready to rumble again over nukes and coal, Illinois<\/strong><\/a><\/li><li><i class=\"fa fa-caret-right\"><\/i> 10\/19\/18 &#8211; <a href=\"https:\/\/citizensutilityboard.org\/att-ends-monthly-federal-subsidy-for-low-income-landline-customers\/\" target=\"_blank\" rel=\"noopener noreferrer\"><strong>AT&amp;T ends monthly federal subsidy for low-income landline customers<\/strong><\/a><\/li><li><i class=\"fa fa-caret-right\"><\/i> 10\/5\/18 &#8211; <a href=\"https:\/\/wp.me\/P86d9Y-3Zv\" target=\"_blank\" rel=\"noopener noreferrer\"><strong>Inside the lives of the folks knocking on your door to sell you power<\/strong><\/a><\/li><li><i class=\"fa fa-caret-right\"><\/i> 10\/3\/18 &#8211;<strong>\u00a0<a href=\"https:\/\/citizensutilityboard.org\/fewer-chicagoans-are-buying-above-market-gas-from-suppliers-as-heating-bills-rise\/\">Fewer Chicagoans are buying above-market gas from suppliers as heating bills rise<\/a><\/strong><\/li><li><i class=\"fa fa-caret-right\"><\/i> 09\/25\/18 &#8211; <a href=\"https:\/\/citizensutilityboard.org\/comeds-energy-price-was-supposed-to-rise-next-month-now-it-will-fall-heres-why\/\"><strong>ComEd&#8217;s energy price was supposed to rise next month. Now it will fall. Here&#8217;s why.<\/strong><\/a><\/li><li><i class=\"fa fa-caret-right\"><\/i> 09\/14\/18 &#8211; <a href=\"https:\/\/citizensutilityboard.org\/as-heating-bills-rise-peoples-gas-comes-in-last-in-customer-satisfaction-ranking\/\" target=\"_blank\" rel=\"noopener noreferrer\"><strong><b>As heating bills rise, Peoples Gas comes in last in customer-satisfaction ranking<\/b><\/strong><\/a><\/li><li><i class=\"fa fa-caret-right\"><\/i> 09\/06\/18 &#8211; <a href=\"https:\/\/citizensutilityboard.org\/want-to-know-how-much-youd-be-paying-if-you-were-still-with-comed-ag-pushes-utility-to-tell-you-monthly\/\" target=\"_blank\" rel=\"noopener noreferrer\"><strong><b>Want to know how much you\u2019d be paying if you were still with ComEd? AG pushes utility to tell you monthly.<\/b><\/strong><\/a><\/li><li><i class=\"fa fa-caret-right\"><\/i> 08\/29\/18 &#8211; <a href=\"https:\/\/citizensutilityboard.org\/cub-warns-consumers-beware-green-power-offers\/\" target=\"_blank\" rel=\"noopener noreferrer\"><strong>CUB warns consumers: Beware green power offers<\/strong><\/a><\/li><li><i class=\"fa fa-caret-right\"><\/i> 08\/22\/18 &#8211; <a href=\"https:\/\/citizensutilityboard.org\/the-dubious-sales-pitches-of-retail-power-suppliers-hit-home\/\" target=\"_blank\" rel=\"noopener noreferrer\"><strong>The dubious sales pitches of retail power suppliers hit home<\/strong><\/a><\/li><li><i class=\"fa fa-caret-right\"><\/i> 07\/20\/18 &#8211; <a href=\"https:\/\/citizensutilityboard.org\/how-long-before-chicagoans-pay-twice-what-suburbanites-do-for-winter-heat\/\" target=\"_blank\" rel=\"noopener noreferrer\"><strong>How long before Chicagoans pay twice what suburbanites do for winter heat?<\/strong><\/a><\/li><li><i class=\"fa fa-caret-right\"><\/i> 07\/03\/18 &#8211; <a href=\"https:\/\/citizensutilityboard.org\/comed-power-suppliers-agree-you-have-the-right-to-know-when-youre-overpaying-for-electricity\/\" target=\"_blank\" rel=\"noopener noreferrer\"><strong>ComEd, power suppliers agree at last: You have the right to know when you&#8217;re overpaying for electricity<\/strong><\/a><\/li><li><i class=\"fa fa-caret-right\"><\/i> 4\/27\/18 &#8211; <a href=\"https:\/\/citizensutilityboard.org\/start-of-a-heating-affordability-crisis\/\" target=\"_blank\" rel=\"noopener noreferrer\"><strong>This is what the start of a heating-affordability crisis looks like<\/strong><\/a><\/li><ul class=\"icon \"><\/ul><li><i class=\"fa fa-caret-right\"><\/i> 3\/2\/18 &#8211; <a href=\"https:\/\/ow.ly\/KRi730iJ4tH\" target=\"_blank\" rel=\"noopener noreferrer\"><strong>What&#8217;s Chicago getting for Peoples Gas&#8217; spending spree? Less for more<\/strong><\/a>.<\/li><ul class=\"icon \"><\/ul><li><i class=\"fa fa-caret-right\"><\/i> 9\/28\/17 &#8211; <a href=\"https:\/\/citizensutilityboard.org\/nicor-dispute-railroad-endangers-winter-heat-250000\/\" target=\"_blank\" rel=\"noopener noreferrer\"><strong>Nicor dispute with railroad endangers winter heat for 250,000<\/strong>.<\/a><\/li><ul class=\"icon \"><\/ul><li><i class=\"fa fa-caret-right\"><\/i> 7\/15\/17 &#8211;<strong>\u00a0<a href=\"https:\/\/citizensutilityboard.org\/buying-power-indie-may-paying-much\/\" target=\"_blank\" rel=\"noopener noreferrer\">Buying power from an indie? You may be paying too much<\/a><\/strong>.<\/li><ul class=\"icon \"><\/ul><li><i class=\"fa fa-caret-right\"><\/i> 5\/31\/17 &#8211; <a href=\"https:\/\/citizensutilityboard.org\/power-sellers-fight-state-marketing-clampdown\/\" target=\"_blank\" rel=\"noopener noreferrer\"><strong>Power sellers fight state marketing clampdown<\/strong><\/a><\/li><ul class=\"icon \"><\/ul><li><i class=\"fa fa-caret-right\"><\/i> 5\/4\/17 &#8211;<strong>\u00a0<a href=\"https:\/\/citizensutilityboard.org\/help-squad-cub-one-one-analysis-results-big-utility-bill-savings\/\" target=\"_blank\" rel=\"noopener noreferrer\">Help Squad: CUB one-on-one analysis results in big utility bill savings<\/a><\/strong><\/li><ul class=\"icon \"><\/ul><li><i class=\"fa fa-caret-right\"><\/i> 3\/1\/17 &#8211;<strong>\u00a0<a href=\"https:\/\/citizensutilityboard.org\/?page_id=8704\" target=\"_blank\" rel=\"noopener noreferrer\">State orders new probe of massive Peoples Gas project<\/a><\/strong><\/li><ul class=\"icon \"><\/ul><li><i class=\"fa fa-caret-right\"><\/i> 1\/28\/17 &#8211;<strong>\u00a0<a href=\"https:\/\/citizensutilityboard.org\/?page_id=8091\" target=\"_blank\" rel=\"noopener noreferrer\">The state just made it easier for marketers to sell high-priced heat<\/a><\/strong><\/li><ul class=\"icon \"><\/ul><li><i class=\"fa fa-caret-right\"><\/i> 1\/7\/17 &#8211; <strong><a href=\"https:\/\/citizensutilityboard.org\/?page_id=7881\" target=\"_blank\" rel=\"noopener noreferrer\">Runaway cost of Peoples&#8217; gas main revamp once alarmed the ICC. Now? Maybe not<\/a>.<\/strong><\/li><ul class=\"icon \"><\/ul><li><i class=\"fa fa-caret-right\"><\/i> 12\/14\/16 &#8211; <strong><a href=\"https:\/\/citizensutilityboard.org\/?page_id=7551\" target=\"_blank\" rel=\"noopener noreferrer\">Utility watchdog offers consumers ways to cut pay-TV bill<\/a><\/strong><\/li><ul class=\"icon \"><\/ul><li><i class=\"fa fa-caret-right\"><\/i> 12\/19\/16 &#8211; <strong><a href=\"https:\/\/citizensutilityboard.org\/?page_id=7588\" target=\"_blank\" rel=\"noopener noreferrer\">Ditching cable in 2017? What you need to know about streaming TV. <\/a><\/strong><\/li><ul class=\"icon \"><\/ul><li><i class=\"fa fa-caret-right\"><\/i> 12\/14\/16 &#8211; <strong><a href=\"https:\/\/citizensutilityboard.org\/?page_id=7551\" target=\"_blank\" rel=\"noopener noreferrer\">Utility watchdog offers consumers ways to cut pay-TV bill. <\/a><\/strong><\/li><\/ul>[\/vc_column_text][\/vc_column][\/vc_row]<\/p>\n<\/div>","protected":false},"excerpt":{"rendered":"<p>[vc_row][vc_column][vc_custom_heading text=&#8221;CUB in the News&#8221; font_container=&#8221;tag:h2|font_size:24|text_align:left&#8221; use_theme_fonts=&#8221;yes&#8221;][\/vc_column][\/vc_row][vc_row][vc_column width=&#8221;5\/6&#8243;][vc_column_text][\/vc_column_text][\/vc_column][vc_column width=&#8221;1\/6&#8243;][\/vc_column][\/vc_row][vc_row][vc_column][vc_separator color=&#8221;custom&#8221; css=&#8221;.vc_custom_1475699797969{background-color: #0f4b91 !important;}&#8221;][\/vc_column][\/vc_row][vc_row][vc_column][vc_custom_heading text=&#8221;CUB in the News&#8221; font_container=&#8221;tag:h2|font_size:24|text_align:left&#8221; use_theme_fonts=&#8221;yes&#8221;][\/vc_column][\/vc_row][vc_row][vc_column][vc_column_text][\/vc_column_text][\/vc_column][\/vc_row]<\/p>\n","protected":false},"author":4,"featured_media":0,"parent":0,"menu_order":0,"comment_status":"closed","ping_status":"closed","template":"","meta":{"inline_featured_image":false,"footnotes":""},"class_list":["post-1018","page","type-page","status-publish","hentry"],"_links":{"self":[{"href":"https:\/\/www.citizensutilityboard.org\/wp-json\/wp\/v2\/pages\/1018","targetHints":{"allow":["GET"]}}],"collection":[{"href":"https:\/\/www.citizensutilityboard.org\/wp-json\/wp\/v2\/pages"}],"about":[{"href":"https:\/\/www.citizensutilityboard.org\/wp-json\/wp\/v2\/types\/page"}],"author":[{"embeddable":true,"href":"https:\/\/www.citizensutilityboard.org\/wp-json\/wp\/v2\/users\/4"}],"replies":[{"embeddable":true,"href":"https:\/\/www.citizensutilityboard.org\/wp-json\/wp\/v2\/comments?post=1018"}],"version-history":[{"count":4,"href":"https:\/\/www.citizensutilityboard.org\/wp-json\/wp\/v2\/pages\/1018\/revisions"}],"predecessor-version":[{"id":44313,"href":"https:\/\/www.citizensutilityboard.org\/wp-json\/wp\/v2\/pages\/1018\/revisions\/44313"}],"wp:attachment":[{"href":"https:\/\/www.citizensutilityboard.org\/wp-json\/wp\/v2\/media?parent=1018"}],"curies":[{"name":"wp","href":"https:\/\/api.w.org\/{rel}","templated":true}]}}